{"id":5061,"date":"2025-01-15T14:49:09","date_gmt":"2025-01-15T13:49:09","guid":{"rendered":"https:\/\/www.hornamicina.eu\/web\/?page_id=5061"},"modified":"2025-01-15T14:49:09","modified_gmt":"2025-01-15T13:49:09","slug":"cennik-sluzieb","status":"publish","type":"page","link":"https:\/\/www.hornamicina.eu\/web\/cennik-sluzieb\/","title":{"rendered":"Cenn\u00edk slu\u017eieb"},"content":{"rendered":"<h2 style=\"text-align: center;\">Cenn\u00edk slu\u017eieb obce Horn\u00e1 Mi\u010din\u00e1 platn\u00fd od 1.janu\u00e1ra 2025<br \/>\nschv\u00e1len\u00fd obecn\u00fdm zastupite\u013estvom obce Horn\u00e1 Mi\u010din\u00e1 uznesen\u00edm \u010d.55\/2024<\/h2>\n<table style=\"border-collapse: collapse; width: 100%; height: 387px;\">\n<tbody>\n<tr style=\"height: 23px;\">\n<td style=\"width: 25%; height: 46px;\" rowspan=\"2\">Kult\u00farna miestnos\u0165( s\u00e1la) bez kuchyne<\/td>\n<td style=\"width: 36.811%; height: 23px;\">Kary, rodinn\u00e9 oslavy, posedenia, v\u00fdro\u010dia&#8230; do 4h<\/td>\n<td style=\"width: 9.25199%; height: 23px;\">10,00 EUR\/hod<\/td>\n<\/tr>\n<tr style=\"height: 23px;\">\n<td style=\"width: 36.811%; height: 23px;\">Kary, rodinn\u00e9 oslavy, posedenia, v\u00fdro\u010dia&#8230; nad 4h<\/td>\n<td style=\"width: 9.25199%; height: 23px;\">60,00 EUR\/hod<\/td>\n<\/tr>\n<tr style=\"height: 23px;\">\n<td style=\"width: 25%; height: 46px;\" rowspan=\"2\">Kult\u00farna miestnos\u0165 (s\u00e1la) s\u00a0poskytnut\u00edm kuchyne<\/td>\n<td style=\"width: 36.811%; height: 23px;\">Na rozlo\u017eenie stravy<\/td>\n<td style=\"width: 9.25199%; height: 23px;\">+ 40,00 EUR<\/td>\n<\/tr>\n<tr style=\"height: 23px;\">\n<td style=\"width: 36.811%; height: 23px;\">Varenie<\/td>\n<td style=\"width: 9.25199%; height: 23px;\">+ 100,00 EUR<\/td>\n<\/tr>\n<tr style=\"height: 23px;\">\n<td style=\"width: 25%; height: 69px;\" rowspan=\"3\">Zapo\u017ei\u010danie<\/td>\n<td style=\"width: 36.811%; height: 23px;\">Tanierov, poh\u00e1rov, misiek, pr\u00edborov<\/td>\n<td style=\"width: 9.25199%; height: 23px;\">1,00 EUR\/osoba<\/td>\n<\/tr>\n<tr style=\"height: 23px;\">\n<td style=\"width: 36.811%; height: 23px;\">Obrusov<\/td>\n<td style=\"width: 9.25199%; height: 23px;\">0,50 EUR\/osoba<\/td>\n<\/tr>\n<tr style=\"height: 23px;\">\n<td style=\"width: 36.811%; height: 23px;\">Pranie obrusov na vlastn\u00e9 n\u00e1klady alebo preplatenie n\u00e1kladov do pokladne O\u00da<\/td>\n<td style=\"width: 9.25199%; height: 23px;\"><\/td>\n<\/tr>\n<tr style=\"height: 42px;\">\n<td style=\"width: 71.063%; text-align: center; height: 42px;\" colspan=\"3\">Ceny platia aj v\u00a0pr\u00edpade zapo\u017ei\u010dania miestnosti denn\u00e9ho centra ( max. po\u010det os\u00f4b 20 )<\/td>\n<\/tr>\n<tr style=\"height: 23px;\">\n<td style=\"width: 25%; height: 23px;\">Prezenta\u010dn\u00e9 akcie<\/td>\n<td style=\"width: 36.811%; height: 23px;\"><\/td>\n<td style=\"width: 9.25199%; height: 23px;\">15,00 EUR\/hod<\/td>\n<\/tr>\n<tr style=\"height: 23px;\">\n<td style=\"width: 25%; height: 23px;\">Poplatok v zimnom obdob\u00ed<\/td>\n<td style=\"width: 36.811%; height: 23px;\">Pr\u00edplatok za k\u00farenie<\/td>\n<td style=\"width: 9.25199%; height: 23px;\">+ 20,00 EUR<\/td>\n<\/tr>\n<tr style=\"height: 23px;\">\n<td style=\"width: 25%; height: 23px;\">Zapo\u017ei\u010danie pivn\u00fdch setov<\/td>\n<td style=\"width: 36.811%; height: 23px;\">1ks st\u00f4l + 2ks lavica<\/td>\n<td style=\"width: 9.25199%; height: 23px;\">5,00 EUR\/ks\/24 hod.<\/td>\n<\/tr>\n<tr style=\"height: 23px;\">\n<td style=\"width: 25%; height: 23px;\" rowspan=\"2\">Pren\u00e1jom pr\u00edvesn\u00fd voz\u00edk (len ob\u010dania s TP v obci)<\/td>\n<td style=\"width: 36.811%; height: 23px;\">do 8 hod.<\/td>\n<td style=\"width: 9.25199%; height: 23px;\">10,00 EUR<\/td>\n<\/tr>\n<tr style=\"height: 23px;\">\n<td style=\"width: 36.811%; height: 23px;\">nad 8 hod. do 24 hod.<\/td>\n<td style=\"width: 9.25199%; height: 23px;\">20,00 EUR<\/td>\n<\/tr>\n<tr style=\"height: 23px;\">\n<td style=\"width: 25%; height: 23px;\" rowspan=\"4\">Vyhlasovanie v obecnom rozhlase<\/td>\n<td style=\"width: 36.811%; height: 23px;\">Komer\u010dn\u00fd oznam spojen\u00fd s predajom<\/td>\n<td style=\"width: 9.25199%; height: 23px;\">5,00 EUR<\/td>\n<\/tr>\n<tr style=\"height: 23px;\">\n<td style=\"width: 36.811%; height: 23px;\">Komer\u010dn\u00fd oznam bez predaja<\/td>\n<td style=\"width: 9.25199%; height: 23px;\">4,00 EUR<\/td>\n<\/tr>\n<tr style=\"height: 23px;\">\n<td style=\"width: 36.811%; height: 23px;\">\u017divotn\u00e9 situ\u00e1cie ( blaho\u017eelania ,oznam o\u00a0\u00famrt\u00ed apod.)<\/td>\n<td style=\"width: 9.25199%; height: 23px;\">bezplatne<\/td>\n<\/tr>\n<tr>\n<td style=\"width: 36.811%;\">Organiz\u00e1cie a zdru\u017eenia p\u00f4sobiace v obci v zmysle z\u00e1kona \u010d.83\/1990 Zb. o zdru\u017eovan\u00ed\u00a0 ob\u010danov v obci Horn\u00e1 Mi\u010din\u00e1 &#8211; nekomer\u010dn\u00fd charakter (v\u00fdro\u010dn\u00e9 porady, sch\u00f4dze a pod&#8230;)<\/td>\n<td style=\"width: 9.25199%;\">bezplatne<\/td>\n<\/tr>\n<tr>\n<td style=\"width: 25%;\">Administrat\u00edvne poplatky, nespadaj\u00face pod z\u00e1kon \u010d.145\/95 Z.z.<\/td>\n<td style=\"width: 36.811%;\">Potvrdenie ku komun\u00e1lnym odpadom, zaplaten\u00ed dane a pod.<\/td>\n<td style=\"width: 9.25199%;\">3,00 EUR<\/td>\n<\/tr>\n<tr>\n<td style=\"width: 25%;\">Organiz\u00e1cie, ktor\u00e9 uskuto\u010d\u0148uj\u00fa z\u00e1bavu, ples<\/td>\n<td style=\"width: 36.811%;\">Max. 2 akcie za rok celkom (zapo\u017ei\u010danie kuchynsk\u00fdch potrieb pod\u013ea tohto cenn\u00edka vy\u0161\u0161ie)<\/td>\n<td style=\"width: 9.25199%;\">300,00 EUR<\/td>\n<\/tr>\n<\/tbody>\n<\/table>\n<p>Od poplatku s\u00fa osloboden\u00fd starosta obce, poslanci OZ ,zamestnanci a\u00a0\u010dlenovia komisi\u00ed OZ v\u00fdhradne za \u00fa\u010delom osobnej potreby ( nie rodinn\u00fd pr\u00edslu\u0161n\u00edci ).<\/p>\n<p><strong><u>Obec neposkytuje n\u00e1jom kult\u00farnej miestnosti \u00a0a kuchynky za \u00fa\u010delom komer\u010dn\u00e9ho charakteru,\u00a0<\/u><\/strong><strong><u>\u0161\u00edrenia my\u0161lienok podporuj\u00facich fa\u0161izmus, rasov\u00fa, n\u00e1rodnostn\u00fa a\u00a0n\u00e1bo\u017eensk\u00fa diskrimin\u00e1ciu.<\/u><\/strong><\/p>\n<p>Starosta obce m\u00f4\u017ee vo v\u00fdnimo\u010dn\u00fdch pr\u00edpadoch poskytn\u00fa\u0165 z\u013eavu do v\u00fd\u0161ky 50 % ob\u010danom, ktor\u00fd sa vysokou mierou a\u00a0akt\u00edvnym pr\u00edstupom podie\u013eaj\u00fa na zve\u013ea\u010fovan\u00ed obce alebo pri \u010dinnostiach organizovan\u00fdch obcou \/ kult\u00farne podujatia ,brig\u00e1dy, v\u00fdzdoba \u00a0priestorov OU na akcie, v\u00fdzdoba parku, pr\u00edprava stravy a\u00a0ob\u010derstvenia na akcie obce apod.\/<\/p>\n<p>Povinnos\u0165ou ka\u017ed\u00e9ho n\u00e1jomcu je pr\u00eds\u0165 osobne si prebra\u0165 priestory n\u00e1jmu\u00a0 a podp\u00edsa\u0165 zmluvu o \u00a0\u00a0pren\u00e1jme .<\/p>\n<p>N\u00e1jomca je povinn\u00fd odovzda\u0165 priestory n\u00e1jmu a k\u013e\u00fa\u010de od budovy poveren\u00e9mu zamestnancovi O\u00da v takom stave, v akom ho prebral\u00a0 t.j. &#8211; \u00a0ulo\u017een\u00fd n\u00e1bytok a\u00a0 upratan\u00e9.<\/p>\n<blockquote>\n<p style=\"text-align: center;\"><strong><u>Vzniknut\u00e9 \u0161kody alebo po\u0161kodenie majetku bude rie\u0161en\u00e9 individu\u00e1lne!<\/u><\/strong><\/p>\n<\/blockquote>\n<p>&nbsp;<\/p>\n","protected":false},"excerpt":{"rendered":"Cenn\u00edk slu\u017eieb obce Horn\u00e1 Mi\u010din\u00e1 platn\u00fd od 1.janu\u00e1ra 2025 schv\u00e1len\u00fd obecn\u00fdm zastupite\u013estvom obce [&hellip;]","protected":false},"author":1,"featured_media":0,"parent":0,"menu_order":0,"comment_status":"closed","ping_status":"closed","template":"","meta":{"advanced_seo_description":"","jetpack_seo_html_title":"","jetpack_seo_noindex":false,"footnotes":""},"class_list":["post-5061","page","type-page","status-publish","hentry"],"jetpack_sharing_enabled":true,"jetpack_shortlink":"https:\/\/wp.me\/P8RsFw-1jD","jetpack-related-posts":[{"id":3024,"url":"https:\/\/www.hornamicina.eu\/web\/spomienka-pri-prilezitosti-77-vyrocia-oslobodenia-obce\/","url_meta":{"origin":5061,"position":0},"title":"Spomienka pri pr\u00edle\u017eitosti 77. v\u00fdro\u010dia oslobodenia obce","author":"admin","date":"7. apr\u00edla 2022","format":false,"excerpt":"Spomienka pri pr\u00edle\u017eitosti 77. v\u00fdro\u010dia oslobodenia obce Obyvatelia Hornej Mi\u010dinej v zast\u00fapen\u00ed \u010dlenov ZO Slovensk\u00e9ho zv\u00e4zu protifa\u0161istick\u00fdch bojovn\u00edkov si 23. marca 2022 uctili obete bojov pri osloboden\u00ed obce pred 77. rokmi. Pri pam\u00e4tnej tabuli na budove obecn\u00e9ho \u00faradu zap\u00e1lili sviece a n\u00e1sledne v priestoroch centra seniorov sa obozn\u00e1mili so stanoviskom\u2026","rel":"","context":"Podobn\u00fd pr\u00edspevok","block_context":{"text":"Podobn\u00fd pr\u00edspevok","link":""},"img":{"alt_text":"","src":"","width":0,"height":0},"classes":[]},{"id":61,"url":"https:\/\/www.hornamicina.eu\/web\/historia-obce\/","url_meta":{"origin":5061,"position":1},"title":"Hist\u00f3ria obce","author":"admin","date":"21. j\u00fana 2017","format":false,"excerpt":"Obec Horn\u00e1 Mi\u010din\u00e1 le\u017e\u00ed v z\u00e1padnej \u010dasti Slovensk\u00e9ho Rudohoria. M\u00e1 pahorkatinov\u00fd a\u017e vrchovinov\u00fd r\u00e1z, patr\u00ed k Bystrickej vrchovine, ktor\u00e1 tvor\u00ed najv\u00e4\u010d\u0161iu \u010das\u0165 Zvolenskej kotliny. Na kopci Kozlinec sa nach\u00e1dza chr\u00e1nen\u00e9 n\u00e1lezisko duba plstnat\u00e9ho o v\u00fdmere 25,62 ha a bolo zap\u00edsan\u00e9 medzi chr\u00e1nen\u00e9 oblasti v roku 1967. Chot\u00e1r m\u00e1 rozlohu 1571\u2026","rel":"","context":"Podobn\u00fd pr\u00edspevok","block_context":{"text":"Podobn\u00fd pr\u00edspevok","link":""},"img":{"alt_text":"horna micina logo erb","src":"https:\/\/i0.wp.com\/www.hornamicina.eu\/web\/wp-content\/uploads\/2017\/06\/cropped-logo-1.png?resize=350%2C200","width":350,"height":200},"classes":[]},{"id":497,"url":"https:\/\/www.hornamicina.eu\/web\/denne-centrum\/","url_meta":{"origin":5061,"position":2},"title":"Denn\u00e9 centrum obce","author":"admin","date":"18. okt\u00f3bra 2017","format":false,"excerpt":"Denn\u00e9 centrum obce Horn\u00e1 Mi\u010din\u00e1 Horn\u00e1 Mi\u010din\u00e1 79, 97401 \u00a0Horn\u00e1 Mi\u010din\u00e1 \u00a0 Otv\u00e1racie hodinyPondelok14:00 \u2013 20:00Utorok14:00 \u2013 20:00Streda14:00 \u2013 20:00\u0160tvrtok14:00 \u2013 20:00Piatok14:00 \u2013 20:00 \u00a0\u00a0Pozn\u00e1mka: zmena programu vyhraden\u00e1!\u00a0\u00a0Ak nie je ur\u010den\u00e9 inak \u2013 podujatia sa za\u010d\u00ednaj\u00fa o 14. hodine!\u00a0\u00a0O jednotliv\u00fdch podujatiach sa v predstihu dozviete na osobitn\u00fdch pozv\u00e1nkach na obecn\u00fdch\u00a0tabuliach\u2026","rel":"","context":"Podobn\u00fd pr\u00edspevok","block_context":{"text":"Podobn\u00fd pr\u00edspevok","link":""},"img":{"alt_text":"Denne centrum","src":"https:\/\/i0.wp.com\/www.hornamicina.eu\/web\/wp-content\/uploads\/2017\/10\/dennecentrum-1024x768.jpg?resize=350%2C200&ssl=1","width":350,"height":200,"srcset":"https:\/\/i0.wp.com\/www.hornamicina.eu\/web\/wp-content\/uploads\/2017\/10\/dennecentrum-1024x768.jpg?resize=350%2C200&ssl=1 1x, https:\/\/i0.wp.com\/www.hornamicina.eu\/web\/wp-content\/uploads\/2017\/10\/dennecentrum-1024x768.jpg?resize=525%2C300&ssl=1 1.5x, https:\/\/i0.wp.com\/www.hornamicina.eu\/web\/wp-content\/uploads\/2017\/10\/dennecentrum-1024x768.jpg?resize=700%2C400&ssl=1 2x"},"classes":[]},{"id":347,"url":"https:\/\/www.hornamicina.eu\/web\/vzn\/","url_meta":{"origin":5061,"position":3},"title":"V\u0161eobecne z\u00e1v\u00e4zn\u00e9 nariadenia","author":"admin","date":"3. j\u00fala 2017","format":false,"excerpt":"V\u0161eobecne z\u00e1v\u00e4zn\u00e9 nariadenia obce Horn\u00e1 Mi\u010din\u00e1","rel":"","context":"Podobn\u00fd pr\u00edspevok","block_context":{"text":"Podobn\u00fd pr\u00edspevok","link":""},"img":{"alt_text":"horna micina logo erb","src":"https:\/\/i0.wp.com\/www.hornamicina.eu\/web\/wp-content\/uploads\/2017\/06\/cropped-logo-1.png?resize=350%2C200","width":350,"height":200},"classes":[]},{"id":135,"url":"https:\/\/www.hornamicina.eu\/web\/kontakt\/","url_meta":{"origin":5061,"position":4},"title":"Kontakt","author":"admin","date":"21. j\u00fana 2017","format":false,"excerpt":"Obecn\u00fd \u00farad Horn\u00e1 Mi\u010din\u00e1 \u00a0 Adresa: Horn\u00e1 Mi\u010din\u00e1 79, 974 01 \u00a0Bansk\u00e1 BystricaTel.:\u00a0+421 48 418 09 23, e-mail: hornamicina@gmail.comStarosta obce: Ivan Len\u00e1r, tel.:\u00a0+421 907 087 151Referent: Alena Belajov\u00e1, tel.:\u00a0+421 907 087 152 I\u010cO: 00313459 DI\u010c: 2021115833 Banka: Prima Banka, a.s. Bankov\u00e9 spojenie:\u00a098 5600 0000 0012 5532 1011 Str\u00e1nkov\u00e9 hodiny \u00faradu\u2026","rel":"","context":"Podobn\u00fd pr\u00edspevok","block_context":{"text":"Podobn\u00fd pr\u00edspevok","link":""},"img":{"alt_text":"horna micina logo erb","src":"https:\/\/i0.wp.com\/www.hornamicina.eu\/web\/wp-content\/uploads\/2017\/06\/cropped-logo-1-150x150.png?resize=350%2C200&ssl=1","width":350,"height":200},"classes":[]},{"id":3847,"url":"https:\/\/www.hornamicina.eu\/web\/730-vyrocie-obce-horna-micina\/","url_meta":{"origin":5061,"position":5},"title":"730. v\u00fdro\u010die obce Horn\u00e1 Mi\u010din\u00e1","author":"admin","date":"18. augusta 2023","format":false,"excerpt":"Horn\u00e1 Mi\u010din\u00e1 v minulosti a s\u00fa\u010dasnosti k 730. v\u00fdro\u010diu prvej p\u00edsomnej zmienky N\u00e1zvy:\u00a0Terra Mike, Terra comitis Mike, Lehatha, Mikelyhota, Mikefalva, Micafalw, Miczinaves, Mitchina. \u00a0 Pr\u00edrodn\u00e9 pomery Obec Horn\u00e1 Mi\u010din\u00e1 je situovan\u00e1 6 km na juh od okresn\u00e9ho mesta Bansk\u00e1 Bystrica. Nach\u00e1dza sa v\u00a0z\u00e1padnej \u010dasti Slovensk\u00e9ho Rudohoria vo Zvolenskej kotline, v\u00a0doline\u2026","rel":"","context":"Podobn\u00fd pr\u00edspevok","block_context":{"text":"Podobn\u00fd pr\u00edspevok","link":""},"img":{"alt_text":"","src":"https:\/\/i0.wp.com\/www.hornamicina.eu\/web\/wp-content\/uploads\/2023\/08\/Horna-Micina-pred-sto-rokmi-min-e1692372759477.jpg?fit=791%2C412&ssl=1&resize=350%2C200","width":350,"height":200,"srcset":"https:\/\/i0.wp.com\/www.hornamicina.eu\/web\/wp-content\/uploads\/2023\/08\/Horna-Micina-pred-sto-rokmi-min-e1692372759477.jpg?fit=791%2C412&ssl=1&resize=350%2C200 1x, https:\/\/i0.wp.com\/www.hornamicina.eu\/web\/wp-content\/uploads\/2023\/08\/Horna-Micina-pred-sto-rokmi-min-e1692372759477.jpg?fit=791%2C412&ssl=1&resize=525%2C300 1.5x, https:\/\/i0.wp.com\/www.hornamicina.eu\/web\/wp-content\/uploads\/2023\/08\/Horna-Micina-pred-sto-rokmi-min-e1692372759477.jpg?fit=791%2C412&ssl=1&resize=700%2C400 2x"},"classes":[]}],"jetpack_likes_enabled":true,"_links":{"self":[{"href":"https:\/\/www.hornamicina.eu\/web\/wp-json\/wp\/v2\/pages\/5061","targetHints":{"allow":["GET"]}}],"collection":[{"href":"https:\/\/www.hornamicina.eu\/web\/wp-json\/wp\/v2\/pages"}],"about":[{"href":"https:\/\/www.hornamicina.eu\/web\/wp-json\/wp\/v2\/types\/page"}],"author":[{"embeddable":true,"href":"https:\/\/www.hornamicina.eu\/web\/wp-json\/wp\/v2\/users\/1"}],"replies":[{"embeddable":true,"href":"https:\/\/www.hornamicina.eu\/web\/wp-json\/wp\/v2\/comments?post=5061"}],"version-history":[{"count":0,"href":"https:\/\/www.hornamicina.eu\/web\/wp-json\/wp\/v2\/pages\/5061\/revisions"}],"wp:attachment":[{"href":"https:\/\/www.hornamicina.eu\/web\/wp-json\/wp\/v2\/media?parent=5061"}],"curies":[{"name":"wp","href":"https:\/\/api.w.org\/{rel}","templated":true}]}}