{"id":3847,"date":"2023-08-18T17:21:03","date_gmt":"2023-08-18T15:21:03","guid":{"rendered":"https:\/\/www.hornamicina.eu\/web\/?page_id=3847"},"modified":"2023-08-18T17:34:12","modified_gmt":"2023-08-18T15:34:12","slug":"730-vyrocie-obce-horna-micina","status":"publish","type":"page","link":"https:\/\/www.hornamicina.eu\/web\/730-vyrocie-obce-horna-micina\/","title":{"rendered":"730. v\u00fdro\u010die obce Horn\u00e1 Mi\u010din\u00e1"},"content":{"rendered":"<h2 style=\"text-align: center;\"><strong>Horn\u00e1 Mi\u010din\u00e1 <\/strong><strong>v minulosti a s\u00fa\u010dasnosti<\/strong><\/h2>\n<p style=\"text-align: center;\"><em>k 730. v\u00fdro\u010diu prvej p\u00edsomnej zmienky<\/em><\/p>\n<p style=\"text-align: center;\"><em><strong>N\u00e1zvy:\u00a0<\/strong>Terra Mike, Terra comitis Mike, Lehatha, Mikelyhota, Mikefalva, Micafalw, Miczinaves, Mitchina.<\/em><\/p>\n<p>&nbsp;<\/p>\n<h3><strong>Pr\u00edrodn\u00e9 pomery<\/strong><\/h3>\n<p>Obec Horn\u00e1 Mi\u010din\u00e1 je situovan\u00e1 6 km na juh od okresn\u00e9ho mesta Bansk\u00e1 Bystrica. Nach\u00e1dza sa v\u00a0z\u00e1padnej \u010dasti Slovensk\u00e9ho Rudohoria vo Zvolenskej kotline, v\u00a0doline Mi\u010dinsk\u00e9ho potoka. Nadmorsk\u00e1 v\u00fd\u0161ka obce je 432 m, okolie m\u00e1 pahorkatinov\u00fd a\u017e vrchovinn\u00fd r\u00e1z a\u00a0patr\u00ed k\u00a0Bystrickej vrchovine. Najvy\u0161\u0161\u00edm vrchom je Kozlinec (704 m).<\/p>\n<p>Geologick\u00e9 podlo\u017eie tvoria bridlice, dolomity, andezity a\u00a0\u0161trky. Okolie obce je preva\u017ene zalesnen\u00e9, prevl\u00e1daj\u00fa bukov\u00e9 lesy. Na vrchu Kozlinec sa nach\u00e1dza chr\u00e1nen\u00e9 n\u00e1lezisko duba plstnat\u00e9ho, chr\u00e1nen\u00e9\u00a0 \u00fazemie m\u00e1 rozlohu 25,62 ha.<\/p>\n<p>Ne\u010faleko susednej obce Doln\u00e1 Mi\u010din\u00e1 sa nach\u00e1dzaj\u00fa zn\u00e1me Mi\u010dinsk\u00e9 travert\u00edny, pr\u00edrodn\u00fd \u00fatvar vyhl\u00e1sen\u00fd v\u00a0roku 1979 za chr\u00e1nen\u00fd &#8211; na rozlohe 4,6 ha je zachovan\u00fd syst\u00e9m pramen\u00edsk miner\u00e1lnych v\u00f4d. Pestros\u0165ou typov patr\u00ed tento travert\u00ednov\u00fd \u00fatvar medzi najv\u00fdznamnej\u0161ie na Slovensku.<\/p>\n<h3><strong>\u00a0<\/strong><strong><a href=\"https:\/\/i0.wp.com\/www.hornamicina.eu\/web\/wp-content\/uploads\/2023\/08\/HM-pohladnica-s-opisom-min.jpg?ssl=1\"><img data-recalc-dims=\"1\" loading=\"lazy\" decoding=\"async\" data-attachment-id=\"3854\" data-permalink=\"https:\/\/www.hornamicina.eu\/web\/730-vyrocie-obce-horna-micina\/hm-pohladnica-s-opisom-min\/\" data-orig-file=\"https:\/\/i0.wp.com\/www.hornamicina.eu\/web\/wp-content\/uploads\/2023\/08\/HM-pohladnica-s-opisom-min.jpg?fit=282%2C179&amp;ssl=1\" data-orig-size=\"282,179\" data-comments-opened=\"0\" data-image-meta=\"{&quot;aperture&quot;:&quot;0&quot;,&quot;credit&quot;:&quot;&quot;,&quot;camera&quot;:&quot;&quot;,&quot;caption&quot;:&quot;&quot;,&quot;created_timestamp&quot;:&quot;0&quot;,&quot;copyright&quot;:&quot;&quot;,&quot;focal_length&quot;:&quot;0&quot;,&quot;iso&quot;:&quot;0&quot;,&quot;shutter_speed&quot;:&quot;0&quot;,&quot;title&quot;:&quot;&quot;,&quot;orientation&quot;:&quot;0&quot;}\" data-image-title=\"HM poh\u013eadnica s opisom-min\" data-image-description=\"\" data-image-caption=\"\" data-large-file=\"https:\/\/i0.wp.com\/www.hornamicina.eu\/web\/wp-content\/uploads\/2023\/08\/HM-pohladnica-s-opisom-min.jpg?fit=282%2C179&amp;ssl=1\" class=\" wp-image-3854 alignleft\" src=\"https:\/\/i0.wp.com\/www.hornamicina.eu\/web\/wp-content\/uploads\/2023\/08\/HM-pohladnica-s-opisom-min.jpg?resize=343%2C218&#038;ssl=1\" alt=\"\" width=\"343\" height=\"218\" \/><\/a>Hist\u00f3ria<\/strong><\/h3>\n<p>Os\u00eddlenie Mi\u010dinskej doliny s\u00favis\u00ed s\u00a0os\u00edd\u013eovan\u00edm historickej lokality Zvolensk\u00e9ho lesa. Najstar\u0161\u00ed doteraz zn\u00e1my n\u00e1lez z Mi\u010dinskej doliny poch\u00e1dza z\u00a0Hornej Mi\u010dinej, \u010das\u0165 H\u00e1jny diel, kde boli n\u00e1jden\u00e9 neolitick\u00e9 \u00fa\u0161tepy<\/p>\n<p>Oblas\u0165 sa hustej\u0161ie os\u00edd\u013euje a\u017e po tat\u00e1rskom vp\u00e1de (1241-2), ke\u010f prich\u00e1dzaj\u00fa sask\u00ed aj dom\u00e1ci osadn\u00edci. Pravdepodobne s\u00a0touto koloniza\u010dnou vlnou s\u00favis\u00ed aj vznik Hornej Mi\u010dinej. Osadn\u00edci prich\u00e1dzali z\u00a0juhu, z\u00a0doliny Hrona, v\u00a013. storo\u010d\u00ed zakladali osady. V\u00a0roku 1250 z\u00edskal ryb\u00e1r Rad\u00fan (Radvansk\u00fd) \u010das\u0165 \u00fazemia na sever od zvolensk\u00e9ho hradu. Jeho syn Mike (Myke) sa u\u017e v\u00a0roku 1293 spom\u00edna ako majite\u013e pozemku (terra Mike). Je to prv\u00e1 spr\u00e1va o\u00a0osade Mi\u010din\u00e1, po\u010dn\u00fac t\u00fdmto rokom bolo \u00fazemie obce trvalo os\u00eddlen\u00e9. \u010eal\u0161ia historick\u00e1 spr\u00e1va je z roku 1300 a\u00a0u\u017e spom\u00edna Mi\u010din\u00fa ako panstvo, ktor\u00e9 malo vystavan\u00fd kostol, zasv\u00e4ten\u00fd sv. Michalovi Archanjelovi. A\u017e do roku 1484 bol mi\u010dinsk\u00fd kostol f\u00edliou fary v\u00a0\u010cer\u00edne.<\/p>\n<p><a href=\"https:\/\/i0.wp.com\/www.hornamicina.eu\/web\/wp-content\/uploads\/2023\/08\/HM-Benickeho-kastiel-min.jpg?ssl=1\"><img data-recalc-dims=\"1\" loading=\"lazy\" decoding=\"async\" data-attachment-id=\"3848\" data-permalink=\"https:\/\/www.hornamicina.eu\/web\/730-vyrocie-obce-horna-micina\/hm-benickeho-kastiel-min\/\" data-orig-file=\"https:\/\/i0.wp.com\/www.hornamicina.eu\/web\/wp-content\/uploads\/2023\/08\/HM-Benickeho-kastiel-min.jpg?fit=480%2C360&amp;ssl=1\" data-orig-size=\"480,360\" data-comments-opened=\"0\" data-image-meta=\"{&quot;aperture&quot;:&quot;0&quot;,&quot;credit&quot;:&quot;&quot;,&quot;camera&quot;:&quot;&quot;,&quot;caption&quot;:&quot;&quot;,&quot;created_timestamp&quot;:&quot;0&quot;,&quot;copyright&quot;:&quot;&quot;,&quot;focal_length&quot;:&quot;0&quot;,&quot;iso&quot;:&quot;0&quot;,&quot;shutter_speed&quot;:&quot;0&quot;,&quot;title&quot;:&quot;&quot;,&quot;orientation&quot;:&quot;0&quot;}\" data-image-title=\"HM &amp;#8211; Benick\u00e9ho ka\u0161tie\u013e-min\" data-image-description=\"\" data-image-caption=\"\" data-large-file=\"https:\/\/i0.wp.com\/www.hornamicina.eu\/web\/wp-content\/uploads\/2023\/08\/HM-Benickeho-kastiel-min.jpg?fit=480%2C360&amp;ssl=1\" class=\"alignleft wp-image-3848 size-medium\" src=\"https:\/\/i0.wp.com\/www.hornamicina.eu\/web\/wp-content\/uploads\/2023\/08\/HM-Benickeho-kastiel-min.jpg?resize=300%2C225&#038;ssl=1\" alt=\"\" width=\"300\" height=\"225\" srcset=\"https:\/\/i0.wp.com\/www.hornamicina.eu\/web\/wp-content\/uploads\/2023\/08\/HM-Benickeho-kastiel-min.jpg?resize=300%2C225&amp;ssl=1 300w, https:\/\/i0.wp.com\/www.hornamicina.eu\/web\/wp-content\/uploads\/2023\/08\/HM-Benickeho-kastiel-min.jpg?w=480&amp;ssl=1 480w\" sizes=\"auto, (max-width: 300px) 100vw, 300px\" \/><\/a>Horn\u00e1 Mi\u010din\u00e1 vznikla ako poddansk\u00e1 obec, jej obyvatelia platili d\u00e1vky zemep\u00e1novi. Boli to potomkovia Miku, teda rodina Mi\u010dinsk\u00fdch. Ke\u010f v\u00a0roku 1561 J\u00e1nom Mi\u010dinsk\u00fdm vymrel rod po me\u010di, majetok pre\u0161iel na dc\u00e9ru Martu, vydat\u00fa za Mikul\u00e1\u0161a Benick\u00e9ho. Tak pri\u0161la do Mi\u010dinskej doliny rodina Benick\u00fdch. V\u00a0okol\u00ed Mi\u010dinej sa Turci objavili v\u00a0roku 1575, ale vyrabovali ju a\u017e v\u00a0roku 1599 a\u00a0a\u017e do roku 1657 im odv\u00e1dzala poplatky. V\u00a0d\u00f4sledku toho, \u017ee rod Benick\u00fdch dedi\u010dne zast\u00e1val \u00farad pod\u017eupana Zvolenskej \u017eupy, jeho s\u00eddlo v\u00a0Hornej Mi\u010dinej sa v\u00a0istom zmysle st\u00e1va aj centrom \u017eupy.<\/p>\n<p>V\u00a016. storo\u010d\u00ed sa pravdepodobne cez Bansk\u00fa Bystricu dostalo u\u010denie dr. Martina Luthera do okolit\u00fdch obc\u00ed a v\u00a0roku 1561 sa katol\u00edcka fara zmenila na evanjelick\u00fa. Kostol patril evanjelikom a\u017e do roku 1671. Mi\u010dinsk\u00e1 vetva rodiny Benick\u00fdch sa v\u0161ak vr\u00e1tila do katol\u00edckej cirkvi a pod\u013ea z\u00e1sady <em>\u010die panstvo toho n\u00e1bo\u017eenstvo <\/em>sa fara vr\u00e1tila katol\u00edkom. N\u00e1sledn\u00e9 konfesion\u00e1lne konflikty priniesli v\u00a0obci nieko\u013eko krvav\u00fdch udalost\u00ed.<\/p>\n<p>Po toleran\u010dnom patente roku 1781 si evanjelici v\u00a0Hornej Mi\u010dinej mohli postavi\u0165 vlastn\u00fd kostol (pozemok daroval Vlk Benick\u00fd), fara bola dokon\u010den\u00e1 1786, patrili pod \u0148u f\u00edlie v\u00a0M\u00f4l\u010di, Dolnej Mi\u010dinej a\u00a0\u010cer\u00edne.<\/p>\n<p>V\u00a0roku 1861 bola rodine Benick\u00fdch vr\u00e1ten\u00e1 pansk\u00e1 p\u00f4da, ktor\u00e1 im bola predt\u00fdm skonfi\u0161kovan\u00e1. Postupne sa v\u0161ak pres\u00favala do Budape\u0161ti a\u00a0ich majetky z\u00edskala\u00a0 banskobystrick\u00e1 podnikate\u013esk\u00e1 rodina Heritzovcov. Mi\u010dinsk\u00fd ve\u013ekostatok zverili spr\u00e1vcovi, kde napr. v\u00a0roku 1912 zamestn\u00e1vali 19 \u013eud\u00ed.<\/p>\n<p><a href=\"https:\/\/i0.wp.com\/www.hornamicina.eu\/web\/wp-content\/uploads\/2023\/08\/HM-gazdinsky-kurz-v-kastieli-min.jpg?ssl=1\"><img data-recalc-dims=\"1\" loading=\"lazy\" decoding=\"async\" data-attachment-id=\"3849\" data-permalink=\"https:\/\/www.hornamicina.eu\/web\/730-vyrocie-obce-horna-micina\/hm-gazdinsky-kurz-v-kastieli-min\/\" data-orig-file=\"https:\/\/i0.wp.com\/www.hornamicina.eu\/web\/wp-content\/uploads\/2023\/08\/HM-gazdinsky-kurz-v-kastieli-min.jpg?fit=2057%2C1415&amp;ssl=1\" data-orig-size=\"2057,1415\" data-comments-opened=\"0\" data-image-meta=\"{&quot;aperture&quot;:&quot;0&quot;,&quot;credit&quot;:&quot;&quot;,&quot;camera&quot;:&quot;&quot;,&quot;caption&quot;:&quot;&quot;,&quot;created_timestamp&quot;:&quot;0&quot;,&quot;copyright&quot;:&quot;&quot;,&quot;focal_length&quot;:&quot;0&quot;,&quot;iso&quot;:&quot;0&quot;,&quot;shutter_speed&quot;:&quot;0&quot;,&quot;title&quot;:&quot;&quot;,&quot;orientation&quot;:&quot;0&quot;}\" data-image-title=\"HM &amp;#8211; gazdinsk\u00fd kurz v ka\u0161tieli-min\" data-image-description=\"\" data-image-caption=\"\" data-large-file=\"https:\/\/i0.wp.com\/www.hornamicina.eu\/web\/wp-content\/uploads\/2023\/08\/HM-gazdinsky-kurz-v-kastieli-min.jpg?fit=770%2C529&amp;ssl=1\" class=\"alignright wp-image-3849 size-medium\" src=\"https:\/\/i0.wp.com\/www.hornamicina.eu\/web\/wp-content\/uploads\/2023\/08\/HM-gazdinsky-kurz-v-kastieli-min.jpg?resize=300%2C206&#038;ssl=1\" alt=\"\" width=\"300\" height=\"206\" srcset=\"https:\/\/i0.wp.com\/www.hornamicina.eu\/web\/wp-content\/uploads\/2023\/08\/HM-gazdinsky-kurz-v-kastieli-min.jpg?resize=300%2C206&amp;ssl=1 300w, https:\/\/i0.wp.com\/www.hornamicina.eu\/web\/wp-content\/uploads\/2023\/08\/HM-gazdinsky-kurz-v-kastieli-min.jpg?resize=1024%2C704&amp;ssl=1 1024w, https:\/\/i0.wp.com\/www.hornamicina.eu\/web\/wp-content\/uploads\/2023\/08\/HM-gazdinsky-kurz-v-kastieli-min.jpg?resize=768%2C528&amp;ssl=1 768w, https:\/\/i0.wp.com\/www.hornamicina.eu\/web\/wp-content\/uploads\/2023\/08\/HM-gazdinsky-kurz-v-kastieli-min.jpg?resize=474%2C324&amp;ssl=1 474w, https:\/\/i0.wp.com\/www.hornamicina.eu\/web\/wp-content\/uploads\/2023\/08\/HM-gazdinsky-kurz-v-kastieli-min.jpg?resize=1536%2C1057&amp;ssl=1 1536w, https:\/\/i0.wp.com\/www.hornamicina.eu\/web\/wp-content\/uploads\/2023\/08\/HM-gazdinsky-kurz-v-kastieli-min.jpg?resize=2048%2C1409&amp;ssl=1 2048w, https:\/\/i0.wp.com\/www.hornamicina.eu\/web\/wp-content\/uploads\/2023\/08\/HM-gazdinsky-kurz-v-kastieli-min.jpg?resize=720%2C495&amp;ssl=1 720w, https:\/\/i0.wp.com\/www.hornamicina.eu\/web\/wp-content\/uploads\/2023\/08\/HM-gazdinsky-kurz-v-kastieli-min.jpg?resize=1320%2C908&amp;ssl=1 1320w\" sizes=\"auto, (max-width: 300px) 100vw, 300px\" \/><\/a>Rok 1848 bol prelomov\u00fd vo vlastn\u00edckych vz\u0165ahoch slovensk\u00fdch ro\u013en\u00edkov. Z\u00e1kladnou zlo\u017ekou slovensk\u00e9ho ro\u013en\u00edctva sa stali b\u00fdval\u00ed urb\u00e1rski poddan\u00ed. V\u00a0Hornej Mi\u010dinej bola preveden\u00e1 komas\u00e1cia a\u017e v\u00a0rokoch 1862 \u2013 9. Horn\u00e1 Mi\u010din\u00e1 postupne dostala nov\u00fa tv\u00e1r, v\u00a0obci za\u010dali hospod\u00e1ri\u0165 nov\u00e9 gazdovstv\u00e1, v\u00a0roku 1870 si zalo\u017eili aj tzv. Vz\u00e1jomn\u00fa pomocnicu na preklenutie nedostatku pe\u0148az\u00ed. V\u00a0Hornej Mi\u010dinej sa darilo produkova\u0165 ve\u013ek\u00e9 mno\u017estvo po\u013enohospod\u00e1rskych produktov, hovorilo sa o\u00a0nej ako o\u00a0<em>komore okresu<\/em>.<\/p>\n<p>Obyvatelia obce boli zasiahnut\u00ed aj udalos\u0165ami 1. svetovej vojny, takmer 30 mu\u017eov narukovalo do arm\u00e1dy, ostatn\u00ed sa museli zapoji\u0165 do z\u00e1sobovania. Na n\u00e1sledky vojnov\u00fdch udalost\u00ed zahynulo vy\u0161e 20 mu\u017eov. Na ich po\u010des\u0165 bol roku 1938 vybudovan\u00fd pomn\u00edk v\u00a0centre obce.<\/p>\n<p><a href=\"https:\/\/i0.wp.com\/www.hornamicina.eu\/web\/wp-content\/uploads\/2023\/08\/HM-stary-kastiel-2-min.jpg?ssl=1\"><img data-recalc-dims=\"1\" loading=\"lazy\" decoding=\"async\" data-attachment-id=\"3856\" data-permalink=\"https:\/\/www.hornamicina.eu\/web\/730-vyrocie-obce-horna-micina\/hm-stary-kastiel-2-min\/\" data-orig-file=\"https:\/\/i0.wp.com\/www.hornamicina.eu\/web\/wp-content\/uploads\/2023\/08\/HM-stary-kastiel-2-min.jpg?fit=254%2C199&amp;ssl=1\" data-orig-size=\"254,199\" data-comments-opened=\"0\" data-image-meta=\"{&quot;aperture&quot;:&quot;0&quot;,&quot;credit&quot;:&quot;&quot;,&quot;camera&quot;:&quot;&quot;,&quot;caption&quot;:&quot;&quot;,&quot;created_timestamp&quot;:&quot;0&quot;,&quot;copyright&quot;:&quot;&quot;,&quot;focal_length&quot;:&quot;0&quot;,&quot;iso&quot;:&quot;0&quot;,&quot;shutter_speed&quot;:&quot;0&quot;,&quot;title&quot;:&quot;&quot;,&quot;orientation&quot;:&quot;0&quot;}\" data-image-title=\"HM star\u00fd ka\u0161tie\u013e 2-min\" data-image-description=\"\" data-image-caption=\"\" data-large-file=\"https:\/\/i0.wp.com\/www.hornamicina.eu\/web\/wp-content\/uploads\/2023\/08\/HM-stary-kastiel-2-min.jpg?fit=254%2C199&amp;ssl=1\" class=\"size-full wp-image-3856 alignleft\" src=\"https:\/\/i0.wp.com\/www.hornamicina.eu\/web\/wp-content\/uploads\/2023\/08\/HM-stary-kastiel-2-min.jpg?resize=254%2C199&#038;ssl=1\" alt=\"\" width=\"254\" height=\"199\" \/><\/a>Po\u010das I. \u010cSR sa obec postupne konsolidovala a\u00a0mohla pom\u00fd\u0161\u013ea\u0165 na obecn\u00e9 invest\u00edcie, napr. na v\u00fdstavbu vodovodu. Prv\u00fd obchod vznikol v\u00a0roku 1919 \u2013 Potravn\u00e9 dru\u017estvo. Po\u0161ta bola otvoren\u00e1 e\u0161te v\u00a0roku 1912, v\u00a0roku 1932 bolo zaveden\u00fd obecn\u00fd telef\u00f3n na not\u00e1rskom \u00farade. V\u00a0obci mal na\u010falej s\u00eddlo obvodn\u00fd not\u00e1rsky \u00farad, diferencoval sa aj politick\u00fd \u017eivot. Prioritou v\u0161ak zostala pr\u00e1ca v\u00a0po\u013enohospod\u00e1rstve. V\u00a0roku 1935 sa formou n\u00fadzovej pr\u00e1ce stavala cesta z\u00a0Hornej Mi\u010dinej do M\u00f4l\u010de (5 km).<\/p>\n<p>Zauj\u00edmavos\u0165ou bola v\u00fdroba plesniv\u00e9ho syra (od roku 1883) bryndziarom Burkhardtom, liehovar a\u00a0rafin\u00e9ria (1936-40).<\/p>\n<p>Po vyhl\u00e1sen\u00ed Slovenskej republiky roku 1938 sa situ\u00e1cia v\u00a0obci radik\u00e1lne nezmenila aj v\u010faka excentrickej polohe vo\u010di hlavn\u00fdm dopravn\u00fdm tepn\u00e1m. V\u00a0obdob\u00ed SNP sa najm\u00e4 mu\u017ei podie\u013eali na zabezpe\u010dovac\u00edch pr\u00e1cach. V\u00a0r\u00e1mci povol\u00e1vacieho rozkazu z\u00a0Hornej Mi\u010dinej so svojimi povozmi vyv\u00e1\u017eali mun\u00edciu zo Slovenskej \u013dup\u010de na Pra\u0161iv\u00fa. Odvelen\u00ed vojaci sa zapojili do povstaleck\u00fdch bojov. Po potla\u010den\u00ed Povstania z\u00a0Banskej Bystrice transportovali v\u00e4z\u0148ov a\u00a0zajatcov,\u00a0v\u00a0katastri obce ich zavra\u017edili a obete poh\u00e1dzali do troch masov\u00fdch hrobov. Obec bola potom dlho izolovan\u00e1, spojenie s\u00a0Banskou Bystricou bolo nedostato\u010dn\u00e9. Ke\u010f sa pribl\u00ed\u017eil front, za\u010dali sa opev\u0148ovacie pr\u00e1ce, obyvatelia kopali z\u00e1kopy. Po t\u00fd\u017edennom boji bola<\/p>\n<p>Horn\u00e1 Mi\u010din\u00e1 osloboden\u00e1 23. marca 1945 vojakmi rumunskej arm\u00e1dy. Na po\u010des\u0165 obet\u00ed z\u00a0radov obyvate\u013eov obce bola odhalen\u00e1 pam\u00e4tn\u00e1 tabu\u013ea.<\/p>\n<p>Po roku 1945 bola aj v\u00a0Hornej Mi\u010dinej aktu\u00e1lna konfi\u0161k\u00e1cia ve\u013ekostatkov \u2013 Heritzovsk\u00e9 dedi\u010dstvo (dva ka\u0161tiele). Ich s\u00eddlo &#8211; ka\u0161tie\u013e bol postupne vyrabovan\u00fd a\u00a0zni\u010den\u00fd. Z\u00a0\u010dasti zachovan\u00e9 zostali hospod\u00e1rske budovy, ktor\u00e9 nesk\u00f4r vyu\u017e\u00edvalo dru\u017estvo. V\u00a0roku 1950 bol zru\u0161en\u00fd obvodn\u00fd not\u00e1rsky \u00farad a\u00a0spr\u00e1va obc\u00ed bola decentralizovan\u00e1. Do roku 1974 Horn\u00e1 Mi\u010din\u00e1 e\u0161te spravovala matri\u010dn\u00fa agendu. Po tomto d\u00e1tume obec v\u00fdznamovo upadla, stala sa obcou ako ka\u017ed\u00e1 in\u00e1. Prist\u00fapilo sa k\u00a0elektrifik\u00e1cii obce (1949), pokra\u010dovalo sa vo v\u00fdstavbe vodovodu. Prv\u00e1 autobusov\u00e1 linka viedla z\u00a0Banskej Bystrice\u00a0 cez Horn\u00fa Mi\u010din\u00fa na Poniky 15. 12. 1947. V\u00a0roku 1956 bol obnoven\u00fd po\u0161tov\u00fd \u00farad. Ten trval do roku 1976, odvtedy chod\u00ed do obce pojazdn\u00e1 po\u0161ta. Nesk\u00f4r sa dobudovalo verejn\u00e9 osvetlenie, obecn\u00fd rozhlas, futbalov\u00e9 ihrisko, boli postaven\u00e9 aj prv\u00e9 dru\u017estevn\u00e9 byty. V\u00a0roku 1983 bola rekon\u0161truovan\u00e1 spolo\u010densk\u00e1 s\u00e1la s\u00a0posuvn\u00fdch h\u013eadiskom, v\u00a0ktorej sa hr\u00e1valo ochotn\u00edcke divadlo. Osvetov\u00e1 beseda zabezpe\u010dovala akt\u00edvny kult\u00farny \u017eivot pre ob\u010danov.<\/p>\n<p>\u00dastredn\u00fdm probl\u00e9mom sa stala ot\u00e1zka po\u013enohospod\u00e1rstva. Po schv\u00e1len\u00ed programu kolektiviz\u00e1cie bolo aj v\u00a0Hornej Mi\u010dinej zalo\u017een\u00e9 koncom roku 1949 dru\u017estvo 1. a\u00a02. typu. Po zv\u00fd\u0161enej agit\u00e1cii za\u010dalo novozalo\u017een\u00e9 JRD hospod\u00e1ri\u0165 1. janu\u00e1ra 1953. Za\u010diatky boli \u0165a\u017ek\u00e9, ale postupne sa za\u010dalo dru\u017estvu dari\u0165, v\u00a0roku 1973 do\u0161lo k\u00a0zl\u00fa\u010deniu s\u00a0Dolnou Mi\u010dinou. Po\u013enohospod\u00e1rska ve\u013ekov\u00fdroba d\u00e1vala pr\u00e1cu dvom stovk\u00e1m pracovn\u00edkov.<\/p>\n<p>V 80-tych rokov bola stavan\u00e1 viac\u00fa\u010delov\u00e1 budova, v\u00a0ktorej\u00a0 mala by\u0165 umiestnen\u00e1 existuj\u00faca\u00a0 \u0161kola, ale t\u00e1 bola zru\u0161en\u00e1 r. 1981 a\u00a0obci bolo odporu\u010den\u00e9 zriadi\u0165 v\u00a0nej matersk\u00fa \u0161kolu. Budovu dokon\u010dilo Stredoslovensk\u00e9 riadite\u013estvo spojov Bansk\u00e1 Bystrica roku 1985 pre svoje potreby.<\/p>\n<h3><strong>Po roku 1989 <\/strong><\/h3>\n<p>Po zmene vlastn\u00edckych pomerov pri\u0161la obec o\u00a0nieko\u013eko budov (aj vybudovan\u00fdch v\u00a0akcii Z), \u010do ovplyvnilo jej \u010fal\u0161ie fungovanie. Rozpadlo sa JRD, \u010do malo zasa vplyv na zamestnanos\u0165 v\u00a0obci. Preva\u017en\u00e1 v\u00e4\u010d\u0161ina pr\u00e1ceschopn\u00e9ho obyvate\u013estva doch\u00e1dza za pr\u00e1cou do Banskej Bystrice a\u00a0okolia. Obec nem\u00e1 \u017eiadne \u0161kolsk\u00e9 zariadenie. V\u00fdnimkou boli roky 1992 \u2013 3, ke\u010f tu bolo do\u010dasne umiestnen\u00e9 novovytvoren\u00e9 evanjelick\u00e9 gymn\u00e1zium so s\u00eddlom v\u00a0Banskej Bystrici.<\/p>\n<p>Horn\u00e1 Mi\u010din\u00e1 je v\u00a0s\u00fa\u010dasnosti obec s\u00a0vlastnou samospr\u00e1vou s\u00a0po\u010dtom obyvate\u013eov cca 690.<\/p>\n<p>Nach\u00e1dza sa tu obchod so zmie\u0161an\u00fdm tovarom, pohostinstvo, s\u00eddlo tu m\u00e1 aj Urb\u00e1rske spolo\u010denstvo, TJ s\u00a0futbalov\u00fdm oddielom. Zo spolo\u010densk\u00fdch organiz\u00e1ci\u00ed v\u00a0obci pracuje\u00a0 akt\u00edvna ZO Slovensk\u00e9ho zv\u00e4zu protifa\u0161istick\u00fdch bojovn\u00edkov. V roku 2017 bolo zriaden\u00e9 Centrum seniorov s\u00a0vlastn\u00fdm pl\u00e1nom \u010dinnosti.<\/p>\n<p>Za posledn\u00e9 desa\u0165ro\u010dia sa tu v\u00fdrazne roz\u0161\u00edrila v\u00fdstavba rodinn\u00fdch domov, dokon\u010dila sa aj dlho rozostavan\u00e1 bytovka.<\/p>\n<p><strong>\u00a0<\/strong><\/p>\n<h3><strong>\u00a0<\/strong><strong>V\u00fdznamn\u00e9 osobnosti<\/strong><\/h3>\n<p><strong>\u00a0<\/strong>V\u00a0Hornej Mi\u010dinej p\u00f4sobili v\u00fdznamn\u00e9 osobnosti slovenskej n\u00e1rodnej hist\u00f3rie.<\/p>\n<ul>\n<li><strong>Daniel Lehocky<\/strong> (1759 \u2013 1840) osvietensk\u00fd pedag\u00f3g, p\u00f4sobil v obci v rokoch 1789 -1792, vydal Knihu o modr\u00e9m k\u0159es\u0165ansk\u00e9m vychov\u00e1n\u00ed d\u00edtek (1786).<\/li>\n<li><strong>Adam Chalupka<\/strong> (1767 \u2013 1840), u\u010dite\u013e a ev. k\u0148az, v obci p\u00f4sobil ako u\u010dite\u013e v rokoch 1789- 1792.<\/li>\n<li><strong>Samuel Ro\u017enay<\/strong> (1787 &#8211; 1815), ev. k\u0148az, u\u010denec, prekladate\u013e, v obci p\u00f4sobil v rokoch 1813- 1815.<\/li>\n<li><strong>Samuel Hoi\u010d<\/strong> (1806 \u2013 1868), autor n\u00e1rodn\u00fdch apol\u00f3gi\u00ed a osvetov\u00fdch pr\u00e1c, p\u00f4sobil v obci ako k\u0148az 1841 \u2013 1859.<\/li>\n<\/ul>\n<p><strong>Horn\u00e1 Mi\u010din\u00e1 je rodiskom:<\/strong><\/p>\n<ul>\n<li><strong>J\u00e1n Chalupka<\/strong> (1791 \u2013 1871), syn Adama Chalupku, pedag\u00f3g, ev. k\u0148az, dramatik a spisovate\u013e, autor presl\u00e1ven\u00e9ho Koc\u00farkova.<\/li>\n<li><strong>August Horislav Kr\u010dm\u00e9ry<\/strong> (1822 \u2013 1891), ev. k\u0148az, publicista, folklorista, hudobn\u00fd skladate\u013e, priate\u013e Andreja Sl\u00e1dkovi\u010da, autor piesne Hoj\u017ee, Bo\u017ee.<\/li>\n<li><strong>Eugen Kr\u010dm\u00e9ry<\/strong> (1830-1891), vydavate\u013e a\u00a0kn\u00edhkupec v\u00a0Banskej Bystrici.<\/li>\n<\/ul>\n<h3><strong>Pamiatky<\/strong><\/h3>\n<h3><strong><a href=\"https:\/\/i0.wp.com\/www.hornamicina.eu\/web\/wp-content\/uploads\/2023\/08\/HM-kat.-kostol-min.jpg?ssl=1\"><img data-recalc-dims=\"1\" loading=\"lazy\" decoding=\"async\" data-attachment-id=\"3861\" data-permalink=\"https:\/\/www.hornamicina.eu\/web\/730-vyrocie-obce-horna-micina\/hm-kat-kostol-min\/\" data-orig-file=\"https:\/\/i0.wp.com\/www.hornamicina.eu\/web\/wp-content\/uploads\/2023\/08\/HM-kat.-kostol-min.jpg?fit=900%2C598&amp;ssl=1\" data-orig-size=\"900,598\" data-comments-opened=\"0\" data-image-meta=\"{&quot;aperture&quot;:&quot;0&quot;,&quot;credit&quot;:&quot;&quot;,&quot;camera&quot;:&quot;&quot;,&quot;caption&quot;:&quot;&quot;,&quot;created_timestamp&quot;:&quot;0&quot;,&quot;copyright&quot;:&quot;&quot;,&quot;focal_length&quot;:&quot;0&quot;,&quot;iso&quot;:&quot;0&quot;,&quot;shutter_speed&quot;:&quot;0&quot;,&quot;title&quot;:&quot;&quot;,&quot;orientation&quot;:&quot;0&quot;}\" data-image-title=\"HM kat. kostol-min\" data-image-description=\"\" data-image-caption=\"\" data-large-file=\"https:\/\/i0.wp.com\/www.hornamicina.eu\/web\/wp-content\/uploads\/2023\/08\/HM-kat.-kostol-min.jpg?fit=770%2C512&amp;ssl=1\" class=\"alignleft wp-image-3861 size-medium\" src=\"https:\/\/i0.wp.com\/www.hornamicina.eu\/web\/wp-content\/uploads\/2023\/08\/HM-kat.-kostol-min.jpg?resize=300%2C199&#038;ssl=1\" alt=\"\" width=\"300\" height=\"199\" srcset=\"https:\/\/i0.wp.com\/www.hornamicina.eu\/web\/wp-content\/uploads\/2023\/08\/HM-kat.-kostol-min.jpg?resize=300%2C199&amp;ssl=1 300w, https:\/\/i0.wp.com\/www.hornamicina.eu\/web\/wp-content\/uploads\/2023\/08\/HM-kat.-kostol-min.jpg?resize=768%2C510&amp;ssl=1 768w, https:\/\/i0.wp.com\/www.hornamicina.eu\/web\/wp-content\/uploads\/2023\/08\/HM-kat.-kostol-min.jpg?resize=391%2C260&amp;ssl=1 391w, https:\/\/i0.wp.com\/www.hornamicina.eu\/web\/wp-content\/uploads\/2023\/08\/HM-kat.-kostol-min.jpg?resize=720%2C478&amp;ssl=1 720w, https:\/\/i0.wp.com\/www.hornamicina.eu\/web\/wp-content\/uploads\/2023\/08\/HM-kat.-kostol-min.jpg?w=900&amp;ssl=1 900w\" sizes=\"auto, (max-width: 300px) 100vw, 300px\" \/><\/a><\/strong>R\u00edmskokatol\u00edcky kostol sv. Michala Archanjela<\/h3>\n<p>Poch\u00e1dza z\u00a0konca 13. storo\u010dia. P\u00f4vodne to bol rannogotick\u00fd jednolo\u010fov\u00fd chr\u00e1m, nesk\u00f4r prestavan\u00fd do neskorogotick\u00e9ho \u0161t\u00fdlu s\u00a0renesan\u010dn\u00fdmi \u00fapravami. Dne\u0161n\u00fd chr\u00e1m je jednolo\u010fov\u00fd priestor so \u0161tvorcov\u00fdm presbyt\u00e9riom, ktor\u00e9 je zaklenut\u00e9 kr\u00ed\u017eovou rebrovou klenbou. Vn\u00fatorn\u00e9 vybavenie je ve\u013emi cenn\u00e9 \u2013 hlavn\u00fd olt\u00e1r je barokov\u00fd a\u00a0poch\u00e1dza z\u00a0roku 1700. M\u00e1 bohat\u00fa st\u013apov\u00fa architekt\u00faru s\u00a0akantov\u00fdmi u\u0161ami a\u00a0r\u00e9vou na to\u010den\u00fdch st\u013apoch. V\u00a0rozoklanom \u0161t\u00edte je ni\u017e\u0161\u00ed nadstavec s\u00a0trojl\u00edstkov\u00fdm obrazom najsv\u00e4tej\u0161ej trojice a\u00a0\u0161t\u00edtovou sochou sv. Michala Archanjela, patr\u00f3na chr\u00e1mu. \u010eal\u0161\u00ed olt\u00e1r Kla\u0148ania troch kr\u00e1\u013eov je neskorobarokov\u00fd, poch\u00e1dza z\u00a0roku 1779. V\u00a0strede \u010fal\u0161ieho olt\u00e1ra Sedembolestnej Panny M\u00e1rie je plytk\u00e1 nika so s\u00faso\u0161\u00edm Piety so \u0161tyrmi anjelmi a\u00a0dvoma sv\u00e4t\u00fdmi. V interi\u00e9ri chr\u00e1mu je neskorobarokov\u00e1 kazate\u013enica z\u00a0roku 1773, socha sv. J\u00e1na Nepomuck\u00e9ho a\u00a0mal\u00e1 socha Krista. <a href=\"https:\/\/i0.wp.com\/www.hornamicina.eu\/web\/wp-content\/uploads\/2023\/08\/Kat.-kostol-barokovy-oltar-HM-min.jpg?ssl=1\"><img data-recalc-dims=\"1\" loading=\"lazy\" decoding=\"async\" data-attachment-id=\"3859\" data-permalink=\"https:\/\/www.hornamicina.eu\/web\/730-vyrocie-obce-horna-micina\/kat-kostol-barokovy-oltar-hm-min\/\" data-orig-file=\"https:\/\/i0.wp.com\/www.hornamicina.eu\/web\/wp-content\/uploads\/2023\/08\/Kat.-kostol-barokovy-oltar-HM-min.jpg?fit=336%2C480&amp;ssl=1\" data-orig-size=\"336,480\" data-comments-opened=\"0\" data-image-meta=\"{&quot;aperture&quot;:&quot;0&quot;,&quot;credit&quot;:&quot;&quot;,&quot;camera&quot;:&quot;&quot;,&quot;caption&quot;:&quot;&quot;,&quot;created_timestamp&quot;:&quot;0&quot;,&quot;copyright&quot;:&quot;&quot;,&quot;focal_length&quot;:&quot;0&quot;,&quot;iso&quot;:&quot;0&quot;,&quot;shutter_speed&quot;:&quot;0&quot;,&quot;title&quot;:&quot;&quot;,&quot;orientation&quot;:&quot;0&quot;}\" data-image-title=\"Kat. kostol barokov\u00fd olt\u00e1r HM-min\" data-image-description=\"\" data-image-caption=\"\" data-large-file=\"https:\/\/i0.wp.com\/www.hornamicina.eu\/web\/wp-content\/uploads\/2023\/08\/Kat.-kostol-barokovy-oltar-HM-min.jpg?fit=336%2C480&amp;ssl=1\" class=\"wp-image-3859 size-medium alignright\" src=\"https:\/\/i0.wp.com\/www.hornamicina.eu\/web\/wp-content\/uploads\/2023\/08\/Kat.-kostol-barokovy-oltar-HM-min.jpg?resize=210%2C300&#038;ssl=1\" alt=\"\" width=\"210\" height=\"300\" srcset=\"https:\/\/i0.wp.com\/www.hornamicina.eu\/web\/wp-content\/uploads\/2023\/08\/Kat.-kostol-barokovy-oltar-HM-min.jpg?resize=210%2C300&amp;ssl=1 210w, https:\/\/i0.wp.com\/www.hornamicina.eu\/web\/wp-content\/uploads\/2023\/08\/Kat.-kostol-barokovy-oltar-HM-min.jpg?w=336&amp;ssl=1 336w\" sizes=\"auto, (max-width: 210px) 100vw, 210px\" \/><\/a>K\u00a0cenn\u00fdmi vn\u00fatorn\u00fdm vybavenia chr\u00e1mu patr\u00ed aj organ z\u00a0druhej polovice 18. storo\u010dia.<\/p>\n<p>Kostol bol patron\u00e1tnym chr\u00e1mom, nech\u00fdbaj\u00fa ani epitafy patr\u00f3nov z rodu Benick\u00fdch.<\/p>\n<p>Ved\u013ea kostola je dreven\u00e1 st\u013apikov\u00e1 zvonica. V\u00a0posledn\u00fdch rokoch pribudol do are\u00e1lu nadrozmern\u00fd dreven\u00fd dvojkr\u00ed\u017e.<\/p>\n<p>Od roku 1994 patr\u00ed kostol pod farnos\u0165 v\u00a0\u010cer\u00edne.<\/p>\n<p>&nbsp;<\/p>\n<p>&nbsp;<\/p>\n<p>&nbsp;<\/p>\n<p><strong><a href=\"https:\/\/i0.wp.com\/www.hornamicina.eu\/web\/wp-content\/uploads\/2023\/08\/HM-ev.-kostol-so-zvonicou-min-scaled.jpg?ssl=1\"><img data-recalc-dims=\"1\" loading=\"lazy\" decoding=\"async\" data-attachment-id=\"3850\" data-permalink=\"https:\/\/www.hornamicina.eu\/web\/730-vyrocie-obce-horna-micina\/hm-ev-kostol-so-zvonicou-min\/\" data-orig-file=\"https:\/\/i0.wp.com\/www.hornamicina.eu\/web\/wp-content\/uploads\/2023\/08\/HM-ev.-kostol-so-zvonicou-min-scaled.jpg?fit=2560%2C1878&amp;ssl=1\" data-orig-size=\"2560,1878\" data-comments-opened=\"0\" data-image-meta=\"{&quot;aperture&quot;:&quot;0&quot;,&quot;credit&quot;:&quot;&quot;,&quot;camera&quot;:&quot;&quot;,&quot;caption&quot;:&quot;&quot;,&quot;created_timestamp&quot;:&quot;0&quot;,&quot;copyright&quot;:&quot;&quot;,&quot;focal_length&quot;:&quot;0&quot;,&quot;iso&quot;:&quot;0&quot;,&quot;shutter_speed&quot;:&quot;0&quot;,&quot;title&quot;:&quot;&quot;,&quot;orientation&quot;:&quot;0&quot;}\" data-image-title=\"HM ev. kostol so zvonicou-min\" data-image-description=\"\" data-image-caption=\"\" data-large-file=\"https:\/\/i0.wp.com\/www.hornamicina.eu\/web\/wp-content\/uploads\/2023\/08\/HM-ev.-kostol-so-zvonicou-min-scaled.jpg?fit=770%2C565&amp;ssl=1\" class=\"alignleft wp-image-3850 size-medium\" src=\"https:\/\/i0.wp.com\/www.hornamicina.eu\/web\/wp-content\/uploads\/2023\/08\/HM-ev.-kostol-so-zvonicou-min.jpg?resize=300%2C220&#038;ssl=1\" alt=\"\" width=\"300\" height=\"220\" \/><\/a>Evanjelick\u00fd toleran\u010dn\u00fd kostol<\/strong><\/p>\n<p>V roku 1785 bol postaven\u00fd v klasicistickom slohu, nesk\u00f4r v 1905 bol prestavan\u00fd. Ako ka\u017ed\u00fd toleran\u010dn\u00fd kostol je bez ve\u017ee. V interi\u00e9ri je obiehaj\u00faca\u00a0 protestantsk\u00e1 empora. Olt\u00e1r z roku 1765 je klasicistick\u00fd, patr\u00ed k typu olt\u00e1rov s kazate\u013enicou, na parapete ktorej je reli\u00e9f Rozsieva\u010da. Klasicistick\u00fd organ je z roku 1786. Kult\u00farnou pamiatkou je dreven\u00e1 krstite\u013enica. Pri kostole je vo\u013ene stojaca murovan\u00e1 klasicistick\u00e1 zvonica s 3 zvonmi.<\/p>\n<p>V\u00a0obci st\u00e1l aj <strong>renesan\u010dn\u00fd ka\u0161tie\u013e<\/strong> zo 16. storo\u010dia, impozantn\u00e1<a href=\"https:\/\/i0.wp.com\/www.hornamicina.eu\/web\/wp-content\/uploads\/2023\/08\/HM-novy-kastiel-min.jpg?ssl=1\"><img data-recalc-dims=\"1\" loading=\"lazy\" decoding=\"async\" data-attachment-id=\"3851\" data-permalink=\"https:\/\/www.hornamicina.eu\/web\/730-vyrocie-obce-horna-micina\/hm-novy-kastiel-min\/\" data-orig-file=\"https:\/\/i0.wp.com\/www.hornamicina.eu\/web\/wp-content\/uploads\/2023\/08\/HM-novy-kastiel-min.jpg?fit=242%2C209&amp;ssl=1\" data-orig-size=\"242,209\" data-comments-opened=\"0\" data-image-meta=\"{&quot;aperture&quot;:&quot;0&quot;,&quot;credit&quot;:&quot;&quot;,&quot;camera&quot;:&quot;&quot;,&quot;caption&quot;:&quot;&quot;,&quot;created_timestamp&quot;:&quot;0&quot;,&quot;copyright&quot;:&quot;&quot;,&quot;focal_length&quot;:&quot;0&quot;,&quot;iso&quot;:&quot;0&quot;,&quot;shutter_speed&quot;:&quot;0&quot;,&quot;title&quot;:&quot;&quot;,&quot;orientation&quot;:&quot;0&quot;}\" data-image-title=\"HM nov\u00fd ka\u0161tie\u013e-min\" data-image-description=\"\" data-image-caption=\"\" data-large-file=\"https:\/\/i0.wp.com\/www.hornamicina.eu\/web\/wp-content\/uploads\/2023\/08\/HM-novy-kastiel-min.jpg?fit=242%2C209&amp;ssl=1\" class=\"size-full wp-image-3851 alignright\" src=\"https:\/\/i0.wp.com\/www.hornamicina.eu\/web\/wp-content\/uploads\/2023\/08\/HM-novy-kastiel-min.jpg?resize=242%2C209&#038;ssl=1\" alt=\"\" width=\"242\" height=\"209\" \/><\/a> stavba, ktor\u00fa v\u00a017. stor. opevnili a\u00a0v\u00a018. stor. roz\u0161\u00edrili. Fas\u00e1da bola zdoben\u00e1 sgrafitom a\u00a0na arkieri na n\u00e1ro\u017eiach bola kv\u00e1drovan\u00e1. Z\u00a0budovy zostali iba zvy\u0161ky m\u00farov a\u00a0veget\u00e1ciou prerastan\u00e9 z\u00e1klady. Druh\u00fd ka\u0161tie\u013e st\u00e1l na opa\u010dnom kopci pri hospod\u00e1rskych budov\u00e1ch.<\/p>\n<p>V\u00a0obdob\u00ed renesancie bol e\u0161te v\u00a0Hornej Mi\u010dinej tzv. <strong>vojensk\u00fd \u017eupn\u00fd dom<\/strong>, ktor\u00fd sa v\u0161ak tie\u017e nezachoval.<\/p>\n<p>&nbsp;<\/p>\n<p>&nbsp;<\/p>\n<ul>\n<li><strong>Pam\u00e4tn\u00e1 tabu\u013ea obetiam II. svetovej vojny <\/strong>je umiestnen\u00e1 na budove obecn\u00e9ho \u00faradu.<\/li>\n<li><strong><a href=\"https:\/\/i0.wp.com\/www.hornamicina.eu\/web\/wp-content\/uploads\/2023\/08\/HM-pomnik-obetiam-1.-svet.-vojny-min.jpg?ssl=1\"><img data-recalc-dims=\"1\" loading=\"lazy\" decoding=\"async\" data-attachment-id=\"3855\" data-permalink=\"https:\/\/www.hornamicina.eu\/web\/730-vyrocie-obce-horna-micina\/hm-pomnik-obetiam-1-svet-vojny-min\/\" data-orig-file=\"https:\/\/i0.wp.com\/www.hornamicina.eu\/web\/wp-content\/uploads\/2023\/08\/HM-pomnik-obetiam-1.-svet.-vojny-min.jpg?fit=480%2C335&amp;ssl=1\" data-orig-size=\"480,335\" data-comments-opened=\"0\" data-image-meta=\"{&quot;aperture&quot;:&quot;0&quot;,&quot;credit&quot;:&quot;&quot;,&quot;camera&quot;:&quot;&quot;,&quot;caption&quot;:&quot;&quot;,&quot;created_timestamp&quot;:&quot;0&quot;,&quot;copyright&quot;:&quot;&quot;,&quot;focal_length&quot;:&quot;0&quot;,&quot;iso&quot;:&quot;0&quot;,&quot;shutter_speed&quot;:&quot;0&quot;,&quot;title&quot;:&quot;&quot;,&quot;orientation&quot;:&quot;0&quot;}\" data-image-title=\"HM pomn\u00edk obetiam 1. svet. vojny-min\" data-image-description=\"\" data-image-caption=\"\" data-large-file=\"https:\/\/i0.wp.com\/www.hornamicina.eu\/web\/wp-content\/uploads\/2023\/08\/HM-pomnik-obetiam-1.-svet.-vojny-min.jpg?fit=480%2C335&amp;ssl=1\" class=\"alignleft wp-image-3855 size-thumbnail\" src=\"https:\/\/i0.wp.com\/www.hornamicina.eu\/web\/wp-content\/uploads\/2023\/08\/HM-pomnik-obetiam-1.-svet.-vojny-min.jpg?resize=150%2C150&#038;ssl=1\" alt=\"\" width=\"150\" height=\"150\" srcset=\"https:\/\/i0.wp.com\/www.hornamicina.eu\/web\/wp-content\/uploads\/2023\/08\/HM-pomnik-obetiam-1.-svet.-vojny-min.jpg?resize=150%2C150&amp;ssl=1 150w, https:\/\/i0.wp.com\/www.hornamicina.eu\/web\/wp-content\/uploads\/2023\/08\/HM-pomnik-obetiam-1.-svet.-vojny-min.jpg?resize=300%2C300&amp;ssl=1 300w, https:\/\/i0.wp.com\/www.hornamicina.eu\/web\/wp-content\/uploads\/2023\/08\/HM-pomnik-obetiam-1.-svet.-vojny-min.jpg?resize=170%2C170&amp;ssl=1 170w, https:\/\/i0.wp.com\/www.hornamicina.eu\/web\/wp-content\/uploads\/2023\/08\/HM-pomnik-obetiam-1.-svet.-vojny-min.jpg?zoom=3&amp;resize=150%2C150&amp;ssl=1 450w\" sizes=\"auto, (max-width: 150px) 100vw, 150px\" \/><\/a>Pomn\u00edk obetiam I. svetovej vojny <\/strong>v\u00a0centr\u00e1lnom par\u010d\u00edku bol postaven\u00fd v\u00a0roku 1938.<\/li>\n<\/ul>\n<p>&nbsp;<\/p>\n<p>&nbsp;<\/p>\n<p>&nbsp;<\/p>\n<ul>\n<li><strong><a href=\"https:\/\/i0.wp.com\/www.hornamicina.eu\/web\/wp-content\/uploads\/2023\/08\/HM-pam.-tabula-J.-Chalupkovi-min-scaled.jpg?ssl=1\"><img data-recalc-dims=\"1\" loading=\"lazy\" decoding=\"async\" data-attachment-id=\"3853\" data-permalink=\"https:\/\/www.hornamicina.eu\/web\/730-vyrocie-obce-horna-micina\/hm-pam-tabula-j-chalupkovi-min\/\" data-orig-file=\"https:\/\/i0.wp.com\/www.hornamicina.eu\/web\/wp-content\/uploads\/2023\/08\/HM-pam.-tabula-J.-Chalupkovi-min-scaled.jpg?fit=2560%2C2164&amp;ssl=1\" data-orig-size=\"2560,2164\" data-comments-opened=\"0\" data-image-meta=\"{&quot;aperture&quot;:&quot;0&quot;,&quot;credit&quot;:&quot;&quot;,&quot;camera&quot;:&quot;&quot;,&quot;caption&quot;:&quot;&quot;,&quot;created_timestamp&quot;:&quot;0&quot;,&quot;copyright&quot;:&quot;&quot;,&quot;focal_length&quot;:&quot;0&quot;,&quot;iso&quot;:&quot;0&quot;,&quot;shutter_speed&quot;:&quot;0&quot;,&quot;title&quot;:&quot;&quot;,&quot;orientation&quot;:&quot;0&quot;}\" data-image-title=\"HM pam. tabu\u013ea J. Chalupkovi-min\" data-image-description=\"\" data-image-caption=\"\" data-large-file=\"https:\/\/i0.wp.com\/www.hornamicina.eu\/web\/wp-content\/uploads\/2023\/08\/HM-pam.-tabula-J.-Chalupkovi-min-scaled.jpg?fit=770%2C651&amp;ssl=1\" class=\"wp-image-3853 size-thumbnail alignleft\" src=\"https:\/\/i0.wp.com\/www.hornamicina.eu\/web\/wp-content\/uploads\/2023\/08\/HM-pam.-tabula-J.-Chalupkovi-min.jpg?resize=150%2C150&#038;ssl=1\" alt=\"\" width=\"150\" height=\"150\" \/><\/a>Pam\u00e4tn\u00e1 tabu\u013ea J\u00e1novi Chalupkovi \u00a0<\/strong>je umiestnen\u00e1 na budove ev. fary.<\/li>\n<\/ul>\n<p>&nbsp;<\/p>\n<p>&nbsp;<\/p>\n<p>&nbsp;<\/p>\n<p>&nbsp;<\/p>\n<p>&nbsp;<\/p>\n<ul>\n<li><strong><a href=\"https:\/\/i0.wp.com\/www.hornamicina.eu\/web\/wp-content\/uploads\/2023\/08\/HM-pam.-tabula-A.-H.-Krcmerymu-min.jpg?ssl=1\"><img data-recalc-dims=\"1\" loading=\"lazy\" decoding=\"async\" data-attachment-id=\"3852\" data-permalink=\"https:\/\/www.hornamicina.eu\/web\/730-vyrocie-obce-horna-micina\/hm-pam-tabula-a-h-krcmerymu-min\/\" data-orig-file=\"https:\/\/i0.wp.com\/www.hornamicina.eu\/web\/wp-content\/uploads\/2023\/08\/HM-pam.-tabula-A.-H.-Krcmerymu-min.jpg?fit=388%2C480&amp;ssl=1\" data-orig-size=\"388,480\" data-comments-opened=\"0\" data-image-meta=\"{&quot;aperture&quot;:&quot;0&quot;,&quot;credit&quot;:&quot;&quot;,&quot;camera&quot;:&quot;&quot;,&quot;caption&quot;:&quot;&quot;,&quot;created_timestamp&quot;:&quot;0&quot;,&quot;copyright&quot;:&quot;&quot;,&quot;focal_length&quot;:&quot;0&quot;,&quot;iso&quot;:&quot;0&quot;,&quot;shutter_speed&quot;:&quot;0&quot;,&quot;title&quot;:&quot;&quot;,&quot;orientation&quot;:&quot;0&quot;}\" data-image-title=\"HM pam. tabu\u013ea A. H. Kr\u010dm\u00e9rymu-min\" data-image-description=\"\" data-image-caption=\"\" data-large-file=\"https:\/\/i0.wp.com\/www.hornamicina.eu\/web\/wp-content\/uploads\/2023\/08\/HM-pam.-tabula-A.-H.-Krcmerymu-min.jpg?fit=388%2C480&amp;ssl=1\" class=\"wp-image-3852 size-thumbnail alignleft\" src=\"https:\/\/i0.wp.com\/www.hornamicina.eu\/web\/wp-content\/uploads\/2023\/08\/HM-pam.-tabula-A.-H.-Krcmerymu-min.jpg?resize=150%2C150&#038;ssl=1\" alt=\"\" width=\"150\" height=\"150\" srcset=\"https:\/\/i0.wp.com\/www.hornamicina.eu\/web\/wp-content\/uploads\/2023\/08\/HM-pam.-tabula-A.-H.-Krcmerymu-min.jpg?resize=150%2C150&amp;ssl=1 150w, https:\/\/i0.wp.com\/www.hornamicina.eu\/web\/wp-content\/uploads\/2023\/08\/HM-pam.-tabula-A.-H.-Krcmerymu-min.jpg?resize=300%2C300&amp;ssl=1 300w, https:\/\/i0.wp.com\/www.hornamicina.eu\/web\/wp-content\/uploads\/2023\/08\/HM-pam.-tabula-A.-H.-Krcmerymu-min.jpg?resize=170%2C170&amp;ssl=1 170w\" sizes=\"auto, (max-width: 150px) 100vw, 150px\" \/><\/a>Pam\u00e4tn\u00e1 tabu\u013ea Augustovi H. Kr\u010dm\u00e9rymu <\/strong>\u00a0je umiestnen\u00e1 na budove ev. fary.<\/li>\n<\/ul>\n<p>&nbsp;<\/p>\n<p>&nbsp;<\/p>\n<p>&nbsp;<\/p>\n<p>&nbsp;<\/p>\n<p><strong>\u010eal\u0161ie v\u00fdznamn\u00e9 objekty v\u00a0obci: <\/strong><\/p>\n<ul>\n<li>Budova obecn\u00e9ho \u00faradu \u2013 viac\u00fa\u010delov\u00e9 zariadenie<\/li>\n<li>Par\u010d\u00edk s\u00a0tujami v\u00a0centre obce<\/li>\n<li>\u0160portov\u00fd are\u00e1l s\u00a02 futbalov\u00fdmi ihriskami<\/li>\n<li>Objekty p\u00f4vodnej \u013eudovej architekt\u00fary (4)<\/li>\n<\/ul>\n<p>&nbsp;<\/p>\n<p><em>Pramene:<\/em><\/p>\n<ul>\n<li><em> Chromekov\u00e1, Val\u00e9ria, Bitu\u0161\u00edkov\u00e1, Alexandra:\u00a0 Horn\u00e1 Mi\u010din\u00e1. Pam\u00e4tnica k 700. v\u00fdro\u010diu zalo\u017eenia obce. Bansk\u00e1 Bystrica. Datei, 1993.<\/em><\/li>\n<li><em>Kronika obce a\u00a0fotoarch\u00edv Horn\u00e1 Mi\u010din\u00e1<\/em><\/li>\n<\/ul>\n<p>&nbsp;<\/p>\n<p>Spracovala: PaedDr. Jana Borgu\u013eov\u00e1<\/p>\n","protected":false},"excerpt":{"rendered":"Horn\u00e1 Mi\u010din\u00e1 v minulosti a s\u00fa\u010dasnosti k 730. v\u00fdro\u010diu prvej p\u00edsomnej zmienky N\u00e1zvy:\u00a0Terra [&hellip;]","protected":false},"author":1,"featured_media":3857,"parent":0,"menu_order":0,"comment_status":"closed","ping_status":"closed","template":"","meta":{"advanced_seo_description":"","jetpack_seo_html_title":"","jetpack_seo_noindex":false,"footnotes":""},"class_list":["post-3847","page","type-page","status-publish","has-post-thumbnail","hentry"],"jetpack_sharing_enabled":true,"jetpack_shortlink":"https:\/\/wp.me\/P8RsFw-103","jetpack-related-posts":[{"id":82,"url":"https:\/\/www.hornamicina.eu\/web\/geografia\/","url_meta":{"origin":3847,"position":0},"title":"Geografia","author":"admin","date":"21. j\u00fana 2017","format":false,"excerpt":"Horn\u00e1 Mi\u010din\u00e1 Chot\u00e1r obce m\u00e1 rozlohu 1571 ha. Hrani\u010d\u00ed s Banskou Bystricou, M\u00f4l\u010dou, Oravcami, Dolnou Mi\u010dinou a Vlkanovou. Obec Horn\u00e1 Mi\u010din\u00e1 le\u017e\u00ed v z\u00e1padnej \u010dasti Slovensk\u00e9ho Rudohoria \u2013 vo Zvolenskej kotline \u2013 v doline Mi\u010dinsk\u00e9ho potoka, ktor\u00fd je \u013eav\u00fdm pr\u00edtokom rieky Hron. Nadmorsk\u00e1 v\u00fd\u0161ka obce je 432 m. Okolie ktor\u00e9\u2026","rel":"","context":"Podobn\u00fd pr\u00edspevok","block_context":{"text":"Podobn\u00fd pr\u00edspevok","link":""},"img":{"alt_text":"","src":"","width":0,"height":0},"classes":[]},{"id":61,"url":"https:\/\/www.hornamicina.eu\/web\/historia-obce\/","url_meta":{"origin":3847,"position":1},"title":"Hist\u00f3ria obce","author":"admin","date":"21. j\u00fana 2017","format":false,"excerpt":"Obec Horn\u00e1 Mi\u010din\u00e1 le\u017e\u00ed v z\u00e1padnej \u010dasti Slovensk\u00e9ho Rudohoria. M\u00e1 pahorkatinov\u00fd a\u017e vrchovinov\u00fd r\u00e1z, patr\u00ed k Bystrickej vrchovine, ktor\u00e1 tvor\u00ed najv\u00e4\u010d\u0161iu \u010das\u0165 Zvolenskej kotliny. Na kopci Kozlinec sa nach\u00e1dza chr\u00e1nen\u00e9 n\u00e1lezisko duba plstnat\u00e9ho o v\u00fdmere 25,62 ha a bolo zap\u00edsan\u00e9 medzi chr\u00e1nen\u00e9 oblasti v roku 1967. Chot\u00e1r m\u00e1 rozlohu 1571\u2026","rel":"","context":"Podobn\u00fd pr\u00edspevok","block_context":{"text":"Podobn\u00fd pr\u00edspevok","link":""},"img":{"alt_text":"horna micina logo erb","src":"https:\/\/i0.wp.com\/www.hornamicina.eu\/web\/wp-content\/uploads\/2017\/06\/cropped-logo-1.png?resize=350%2C200","width":350,"height":200},"classes":[]},{"id":497,"url":"https:\/\/www.hornamicina.eu\/web\/denne-centrum\/","url_meta":{"origin":3847,"position":2},"title":"Denn\u00e9 centrum obce","author":"admin","date":"18. okt\u00f3bra 2017","format":false,"excerpt":"Denn\u00e9 centrum obce Horn\u00e1 Mi\u010din\u00e1 Horn\u00e1 Mi\u010din\u00e1 79, 97401 \u00a0Horn\u00e1 Mi\u010din\u00e1 \u00a0 Otv\u00e1racie hodinyPondelok14:00 \u2013 20:00Utorok14:00 \u2013 20:00Streda14:00 \u2013 20:00\u0160tvrtok14:00 \u2013 20:00Piatok14:00 \u2013 20:00 \u00a0\u00a0Pozn\u00e1mka: zmena programu vyhraden\u00e1!\u00a0\u00a0Ak nie je ur\u010den\u00e9 inak \u2013 podujatia sa za\u010d\u00ednaj\u00fa o 14. hodine!\u00a0\u00a0O jednotliv\u00fdch podujatiach sa v predstihu dozviete na osobitn\u00fdch pozv\u00e1nkach na obecn\u00fdch\u00a0tabuliach\u2026","rel":"","context":"Podobn\u00fd pr\u00edspevok","block_context":{"text":"Podobn\u00fd pr\u00edspevok","link":""},"img":{"alt_text":"Denne centrum","src":"https:\/\/i0.wp.com\/www.hornamicina.eu\/web\/wp-content\/uploads\/2017\/10\/dennecentrum-1024x768.jpg?resize=350%2C200&ssl=1","width":350,"height":200,"srcset":"https:\/\/i0.wp.com\/www.hornamicina.eu\/web\/wp-content\/uploads\/2017\/10\/dennecentrum-1024x768.jpg?resize=350%2C200&ssl=1 1x, https:\/\/i0.wp.com\/www.hornamicina.eu\/web\/wp-content\/uploads\/2017\/10\/dennecentrum-1024x768.jpg?resize=525%2C300&ssl=1 1.5x, https:\/\/i0.wp.com\/www.hornamicina.eu\/web\/wp-content\/uploads\/2017\/10\/dennecentrum-1024x768.jpg?resize=700%2C400&ssl=1 2x"},"classes":[]},{"id":4929,"url":"https:\/\/www.hornamicina.eu\/web\/zasady-hospodarenia-s-majetkom-obce-horna-micina\/","url_meta":{"origin":3847,"position":3},"title":"Z\u00e1sady hospod\u00e1renia s majetkom Obce Horn\u00e1 Mi\u010din\u00e1","author":"admin","date":"25. septembra 2024","format":false,"excerpt":"Z\u00e1sady hospod\u00e1renia s majetkom Obce Horn\u00e1 Mi\u010din\u00e1 \u00a0 Obecn\u00e9 zastupite\u013estvo v\u00a0Hornej Mi\u010dinej na z\u00e1klade ustanovenia\u00a0\u00a7 11 ods. 4 p\u00edsm. a) z\u00e1kona \u010d. 369\/1990 Zb.\u00a0o obecnom zriaden\u00ed a\u00a0\u00a7 9 ods. 1 z\u00e1kona \u010d. 138\/1991 Zb.\u00a0o majetku obc\u00ed ur\u010duje tieto z\u00e1sady hospod\u00e1renia a nakladania s majetkom obce Horn\u00e1 Mi\u010din\u00e1 (v texte \u010falej\u2026","rel":"","context":"Podobn\u00fd pr\u00edspevok","block_context":{"text":"Podobn\u00fd pr\u00edspevok","link":""},"img":{"alt_text":"HornaMicinaLetecky","src":"https:\/\/i0.wp.com\/www.hornamicina.eu\/web\/wp-content\/uploads\/2017\/06\/4501.jpg?fit=1200%2C800&ssl=1&resize=350%2C200","width":350,"height":200,"srcset":"https:\/\/i0.wp.com\/www.hornamicina.eu\/web\/wp-content\/uploads\/2017\/06\/4501.jpg?fit=1200%2C800&ssl=1&resize=350%2C200 1x, https:\/\/i0.wp.com\/www.hornamicina.eu\/web\/wp-content\/uploads\/2017\/06\/4501.jpg?fit=1200%2C800&ssl=1&resize=525%2C300 1.5x, https:\/\/i0.wp.com\/www.hornamicina.eu\/web\/wp-content\/uploads\/2017\/06\/4501.jpg?fit=1200%2C800&ssl=1&resize=700%2C400 2x, https:\/\/i0.wp.com\/www.hornamicina.eu\/web\/wp-content\/uploads\/2017\/06\/4501.jpg?fit=1200%2C800&ssl=1&resize=1050%2C600 3x"},"classes":[]},{"id":5061,"url":"https:\/\/www.hornamicina.eu\/web\/cennik-sluzieb\/","url_meta":{"origin":3847,"position":4},"title":"Cenn\u00edk slu\u017eieb","author":"admin","date":"15. janu\u00e1ra 2025","format":false,"excerpt":"Cenn\u00edk slu\u017eieb obce Horn\u00e1 Mi\u010din\u00e1 platn\u00fd od 1.janu\u00e1ra 2025 schv\u00e1len\u00fd obecn\u00fdm zastupite\u013estvom obce Horn\u00e1 Mi\u010din\u00e1 uznesen\u00edm \u010d.55\/2024 Kult\u00farna miestnos\u0165( s\u00e1la) bez kuchyne Kary, rodinn\u00e9 oslavy, posedenia, v\u00fdro\u010dia... do 4h 10,00 EUR\/hod Kary, rodinn\u00e9 oslavy, posedenia, v\u00fdro\u010dia... nad 4h 60,00 EUR\/hod Kult\u00farna miestnos\u0165 (s\u00e1la) s\u00a0poskytnut\u00edm kuchyne Na rozlo\u017eenie stravy + 40,00\u2026","rel":"","context":"Podobn\u00fd pr\u00edspevok","block_context":{"text":"Podobn\u00fd pr\u00edspevok","link":""},"img":{"alt_text":"","src":"","width":0,"height":0},"classes":[]},{"id":2596,"url":"https:\/\/www.hornamicina.eu\/web\/relacia-zvony-nad-krajinou\/","url_meta":{"origin":3847,"position":5},"title":"Nahr\u00e1vanie rel\u00e1cie &#8222;Zvony nad krajinou&#8220;","author":"admin","date":"29. augusta 2021","format":false,"excerpt":"Nahr\u00e1vka rel\u00e1cie R\u00e1dia REGINA STRED Zvony nad krajinou Za\u010diatkom roka 2021 pri\u0161iel z R\u00e1dia Regina Stred n\u00e1vrh, aby sa o na\u0161ej obci Horn\u00e1 Mi\u010din\u00e1 nahrala cca hodinov\u00e1 rel\u00e1cia v rozhlasovom cykle Zvony nad krajinou. Tento projekt mapuje postupne obce na Slovensku a pod\u00e1va svedectvo o ich hist\u00f3rii, ale aj pr\u00edtomnosti.\u2026","rel":"","context":"Podobn\u00fd pr\u00edspevok","block_context":{"text":"Podobn\u00fd pr\u00edspevok","link":""},"img":{"alt_text":"","src":"","width":0,"height":0},"classes":[]}],"jetpack_likes_enabled":true,"_links":{"self":[{"href":"https:\/\/www.hornamicina.eu\/web\/wp-json\/wp\/v2\/pages\/3847","targetHints":{"allow":["GET"]}}],"collection":[{"href":"https:\/\/www.hornamicina.eu\/web\/wp-json\/wp\/v2\/pages"}],"about":[{"href":"https:\/\/www.hornamicina.eu\/web\/wp-json\/wp\/v2\/types\/page"}],"author":[{"embeddable":true,"href":"https:\/\/www.hornamicina.eu\/web\/wp-json\/wp\/v2\/users\/1"}],"replies":[{"embeddable":true,"href":"https:\/\/www.hornamicina.eu\/web\/wp-json\/wp\/v2\/comments?post=3847"}],"version-history":[{"count":0,"href":"https:\/\/www.hornamicina.eu\/web\/wp-json\/wp\/v2\/pages\/3847\/revisions"}],"wp:featuredmedia":[{"embeddable":true,"href":"https:\/\/www.hornamicina.eu\/web\/wp-json\/wp\/v2\/media\/3857"}],"wp:attachment":[{"href":"https:\/\/www.hornamicina.eu\/web\/wp-json\/wp\/v2\/media?parent=3847"}],"curies":[{"name":"wp","href":"https:\/\/api.w.org\/{rel}","templated":true}]}}