{"id":347,"date":"2017-07-03T09:32:12","date_gmt":"2017-07-03T07:32:12","guid":{"rendered":"http:\/\/www.hornamicina.eu\/web\/?page_id=347"},"modified":"2017-07-03T09:37:12","modified_gmt":"2017-07-03T07:37:12","slug":"vzn","status":"publish","type":"page","link":"https:\/\/www.hornamicina.eu\/web\/vzn\/","title":{"rendered":"V\u0161eobecne z\u00e1v\u00e4zn\u00e9 nariadenia"},"content":{"rendered":"<p><a href=\"https:\/\/i0.wp.com\/www.hornamicina.eu\/web\/wp-content\/uploads\/2017\/06\/cropped-logo-1.png\"><img data-recalc-dims=\"1\" loading=\"lazy\" decoding=\"async\" data-attachment-id=\"8\" data-permalink=\"https:\/\/www.hornamicina.eu\/web\/vzn\/cropped-logo-1-png\/\" data-orig-file=\"https:\/\/i0.wp.com\/www.hornamicina.eu\/web\/wp-content\/uploads\/2017\/06\/cropped-logo-1.png?fit=250%2C250&amp;ssl=1\" data-orig-size=\"250,250\" data-comments-opened=\"1\" data-image-meta=\"{&quot;aperture&quot;:&quot;0&quot;,&quot;credit&quot;:&quot;&quot;,&quot;camera&quot;:&quot;&quot;,&quot;caption&quot;:&quot;&quot;,&quot;created_timestamp&quot;:&quot;0&quot;,&quot;copyright&quot;:&quot;&quot;,&quot;focal_length&quot;:&quot;0&quot;,&quot;iso&quot;:&quot;0&quot;,&quot;shutter_speed&quot;:&quot;0&quot;,&quot;title&quot;:&quot;&quot;,&quot;orientation&quot;:&quot;0&quot;}\" data-image-title=\"Horna Micina Logo\" data-image-description=\"&lt;p&gt;Horn\u00e1 Mi\u010din\u00e1 erb Logo&lt;\/p&gt;\n\" data-image-caption=\"&lt;p&gt;Horn\u00e1 Mi\u010din\u00e1 Logo Erb&lt;\/p&gt;\n\" data-large-file=\"https:\/\/i0.wp.com\/www.hornamicina.eu\/web\/wp-content\/uploads\/2017\/06\/cropped-logo-1.png?fit=250%2C250&amp;ssl=1\" class=\"size-full wp-image-8 aligncenter\" src=\"https:\/\/i0.wp.com\/www.hornamicina.eu\/web\/wp-content\/uploads\/2017\/06\/cropped-logo-1.png?resize=250%2C250\" alt=\"horna micina logo erb\" width=\"250\" height=\"250\" srcset=\"https:\/\/i0.wp.com\/www.hornamicina.eu\/web\/wp-content\/uploads\/2017\/06\/cropped-logo-1.png?w=250&amp;ssl=1 250w, https:\/\/i0.wp.com\/www.hornamicina.eu\/web\/wp-content\/uploads\/2017\/06\/cropped-logo-1.png?resize=150%2C150&amp;ssl=1 150w, https:\/\/i0.wp.com\/www.hornamicina.eu\/web\/wp-content\/uploads\/2017\/06\/cropped-logo-1.png?resize=100%2C100&amp;ssl=1 100w\" sizes=\"auto, (max-width: 250px) 100vw, 250px\" \/><\/a><\/p>\n<h1 style=\"text-align: center;\"><strong>V\u0161eobecne z\u00e1v\u00e4zn\u00e9 nariadenia obce Horn\u00e1 Mi\u010din\u00e1<\/strong><\/h1>\n<div class=\"pt-cv-wrapper\"><div class=\"pt-cv-view pt-cv-grid pt-cv-colsys\" id=\"pt-cv-view-562a557dey\"><div data-id=\"pt-cv-page-1\" class=\"pt-cv-page\" data-cvc=\"4\"><div class=\"col-md-3 col-sm-6 col-xs-12 pt-cv-content-item pt-cv-1-col\"  data-pid=\"5155\"><div class='pt-cv-ifield'><h4 class=\"pt-cv-title\"><a href=\"https:\/\/www.hornamicina.eu\/web\/vzn-1-2025-volebne-plagaty\/\" class=\"_self cvplbd\" target=\"_self\" >VZN &#8211; 1\/2025 &#8211; umiest\u0148ovanie volebn\u00fdch plag\u00e1tov<\/a><\/h4>\n<div class=\"pt-cv-content\">V\u0161eobecne z\u00e1v\u00e4zn\u00e9 nariadenie obce Horn\u00e1 Mi\u010din\u00e1 o podmienkach umiest\u0148ovania volebn\u00fdch plag\u00e1tov \u010d. 01\/2025 \u00a0 \u00a0\u00a0\u00a0\u00a0 Obec Horn\u00e1 Mi\u010din\u00e1 v\u00a0r\u00e1mci prenesen\u00e9ho ...<br \/><div class=\"pt-cv-rmwrap\"><a href=\"https:\/\/www.hornamicina.eu\/web\/vzn-1-2025-volebne-plagaty\/\" class=\"_self pt-cv-readmore btn btn-success cvplbd\" target=\"_self\">\u010c\u00edta\u0165 Viac<\/a><\/div><\/div><\/div><\/div>\n<div class=\"col-md-3 col-sm-6 col-xs-12 pt-cv-content-item pt-cv-1-col\"  data-pid=\"5047\"><div class='pt-cv-ifield'><h4 class=\"pt-cv-title\"><a href=\"https:\/\/www.hornamicina.eu\/web\/5047-2\/\" class=\"_self cvplbd\" target=\"_self\" >VZN 1\/2024 &#8211; o miestnom poplatku za komun\u00e1lne odpady a drobn\u00e9 stavebn\u00e9 odpady<\/a><\/h4>\n<div class=\"pt-cv-content\">\u00a0V\u0161eobecne z\u00e1v\u00e4zn\u00e9 nariadenie \u010d. 1 \/2024 obce Horn\u00e1 Mi\u010din\u00e1 o miestnom poplatku za komun\u00e1lne odpady a drobn\u00e9 stavebn\u00e9 odpady ktor\u00fdm ...<br \/><div class=\"pt-cv-rmwrap\"><a href=\"https:\/\/www.hornamicina.eu\/web\/5047-2\/\" class=\"_self pt-cv-readmore btn btn-success cvplbd\" target=\"_self\">\u010c\u00edta\u0165 Viac<\/a><\/div><\/div><\/div><\/div>\n<div class=\"col-md-3 col-sm-6 col-xs-12 pt-cv-content-item pt-cv-1-col\"  data-pid=\"4309\"><div class='pt-cv-ifield'><h4 class=\"pt-cv-title\"><a href=\"https:\/\/www.hornamicina.eu\/web\/vzn-obce-horna-micina-navrh-uzemny-plan-obce\/\" class=\"_self cvplbd\" target=\"_self\" >VZN obce Horn\u00e1 Mi\u010din\u00e1 (n\u00e1vrh) &#8211; \u00dazemn\u00fd pl\u00e1n obce<\/a><\/h4>\n<div class=\"pt-cv-content\">V\u0161eobecne z\u00e1v\u00e4zn\u00e9 nariadenie obce Horn\u00e1 Mi\u010din\u00e1 \u010d. ................, ktor\u00fdm sa vyhlasuj\u00fa z\u00e1v\u00e4zn\u00e9 \u010dasti \u00daPN obce Horn\u00e1 Mi\u010din\u00e1. (n\u00e1vrh) Obecn\u00e9 zastupite\u013estvo ...<br \/><div class=\"pt-cv-rmwrap\"><a href=\"https:\/\/www.hornamicina.eu\/web\/vzn-obce-horna-micina-navrh-uzemny-plan-obce\/\" class=\"_self pt-cv-readmore btn btn-success cvplbd\" target=\"_self\">\u010c\u00edta\u0165 Viac<\/a><\/div><\/div><\/div><\/div>\n<div class=\"col-md-3 col-sm-6 col-xs-12 pt-cv-content-item pt-cv-1-col\"  data-pid=\"3894\"><div class='pt-cv-ifield'><h4 class=\"pt-cv-title\"><a href=\"https:\/\/www.hornamicina.eu\/web\/zapisnica-a-uznesenia-oz-zo-dna-22-8-2023\/\" class=\"_self cvplbd\" target=\"_self\" >Z\u00e1pisnica a uznesenia OZ zo d\u0148a 22.8.2023<\/a><\/h4>\n<div class=\"pt-cv-content\">Z\u00c1PISNICA Z mimoriadneho zasadnutia obecn\u00e9ho zastupite\u013estva(\u010falej len OZ) v Hornej Mi\u010dinej konan\u00e9ho d\u0148a 22.8.2023 v s\u00e1le obecn\u00e9ho \u00faradu Horn\u00e1 Mi\u010din\u00e1 ...<br \/><div class=\"pt-cv-rmwrap\"><a href=\"https:\/\/www.hornamicina.eu\/web\/zapisnica-a-uznesenia-oz-zo-dna-22-8-2023\/\" class=\"_self pt-cv-readmore btn btn-success cvplbd\" target=\"_self\">\u010c\u00edta\u0165 Viac<\/a><\/div><\/div><\/div><\/div>\n<div class=\"col-md-3 col-sm-6 col-xs-12 pt-cv-content-item pt-cv-1-col\"  data-pid=\"3159\"><div class='pt-cv-ifield'><h4 class=\"pt-cv-title\"><a href=\"https:\/\/www.hornamicina.eu\/web\/uznesenia-zo-dna-29-6-2022\/\" class=\"_self cvplbd\" target=\"_self\" >Uznesenia obecn\u00e9ho zastupite\u013estva zo d\u0148a 29.6.2022<\/a><\/h4>\n<div class=\"pt-cv-content\">UZNESENIA zo zasadnutia obecn\u00e9ho zastupite\u013estva (\u010falej len OZ) obce Horn\u00e1 Mi\u010din\u00e1 konan\u00e9ho d\u0148a 29.6.2022 v budove obecn\u00e9ho \u00faradu Horn\u00e1 Mi\u010din\u00e1 ...<br \/><div class=\"pt-cv-rmwrap\"><a href=\"https:\/\/www.hornamicina.eu\/web\/uznesenia-zo-dna-29-6-2022\/\" class=\"_self pt-cv-readmore btn btn-success cvplbd\" target=\"_self\">\u010c\u00edta\u0165 Viac<\/a><\/div><\/div><\/div><\/div>\n<div class=\"col-md-3 col-sm-6 col-xs-12 pt-cv-content-item pt-cv-1-col\"  data-pid=\"2283\"><div class='pt-cv-ifield'><h4 class=\"pt-cv-title\"><a href=\"https:\/\/www.hornamicina.eu\/web\/vzn1-2020\/\" class=\"_self cvplbd\" target=\"_self\" >VZN 1\/2020 &#8211; o miestnych daniach a miestnom poplatku za KO<\/a><\/h4>\n<div class=\"pt-cv-content\">V\u0161eobecne z\u00e1v\u00e4zn\u00e9 nariadenie obce Horn\u00e1 Mi\u010din\u00e1 \u010d. 1\/2020\u00a0 z\u00a014.12.2020 o\u00a0miestnych daniach a miestnom poplatku za komun\u00e1lne odpady a\u00a0drobn\u00e9 stavebn\u00e9 odpady ...<br \/><div class=\"pt-cv-rmwrap\"><a href=\"https:\/\/www.hornamicina.eu\/web\/vzn1-2020\/\" class=\"_self pt-cv-readmore btn btn-success cvplbd\" target=\"_self\">\u010c\u00edta\u0165 Viac<\/a><\/div><\/div><\/div><\/div>\n<div class=\"col-md-3 col-sm-6 col-xs-12 pt-cv-content-item pt-cv-1-col\"  data-pid=\"772\"><div class='pt-cv-ifield'><h4 class=\"pt-cv-title\"><a href=\"https:\/\/www.hornamicina.eu\/web\/zasady-podavania-podnetov\/\" class=\"_self cvplbd\" target=\"_self\" >Z\u00e1sady pod\u00e1vania, preverovania a evidovania podnetov<\/a><\/h4>\n<div class=\"pt-cv-content\">Obec Horn\u00e1 Mi\u010din\u00e1 v s\u00falade s \u00a7 11 ods. 8 z\u00e1kona \u010d. 307\/2014 Z.z. o niektor\u00fdch opatreniach s\u00favisiacich s oznamovan\u00edm ...<br \/><div class=\"pt-cv-rmwrap\"><a href=\"https:\/\/www.hornamicina.eu\/web\/zasady-podavania-podnetov\/\" class=\"_self pt-cv-readmore btn btn-success cvplbd\" target=\"_self\">\u010c\u00edta\u0165 Viac<\/a><\/div><\/div><\/div><\/div>\n<div class=\"col-md-3 col-sm-6 col-xs-12 pt-cv-content-item pt-cv-1-col\"  data-pid=\"438\"><div class='pt-cv-ifield'><h4 class=\"pt-cv-title\"><a href=\"https:\/\/www.hornamicina.eu\/web\/vzn-22016-nakladanie-s-komunalnym-odpadom\/\" class=\"_self cvplbd\" target=\"_self\" >VZN 2\/2016 &#8211; nakladanie s komun\u00e1lnym odpadom<\/a><\/h4>\n<div class=\"pt-cv-content\">VZN 2\/2016, ktor\u00fdm sa dop\u013a\u0148a a men\u00ed V\u0161eobecn\u00e9 nariadenie obce Horn\u00e1 Mi\u010din\u00e1 \u010d. 5\/2015 o nakladan\u00ed s komun\u00e1lnym odpadom vzn2-2016-nakladanie ...<br \/><div class=\"pt-cv-rmwrap\"><a href=\"https:\/\/www.hornamicina.eu\/web\/vzn-22016-nakladanie-s-komunalnym-odpadom\/\" class=\"_self pt-cv-readmore btn btn-success cvplbd\" target=\"_self\">\u010c\u00edta\u0165 Viac<\/a><\/div><\/div><\/div><\/div>\n<div class=\"col-md-3 col-sm-6 col-xs-12 pt-cv-content-item pt-cv-1-col\"  data-pid=\"435\"><div class='pt-cv-ifield'><h4 class=\"pt-cv-title\"><a href=\"https:\/\/www.hornamicina.eu\/web\/vzn-12016-o-podmienkach-poskytovania-dotacie-rozpoctu-obce\/\" class=\"_self cvplbd\" target=\"_self\" >VZN 1\/2016 o podmienkach poskytovania dot\u00e1cie rozpo\u010dtu obce<\/a><\/h4>\n<div class=\"pt-cv-content\">VZN 1\/2016 o podmienkach poskytovania dot\u00e1cie rozpo\u010dtu obce zo d\u0148a 30.6.2016 vzn1-2016-dotacie rozpoctu obce ...<br \/><div class=\"pt-cv-rmwrap\"><a href=\"https:\/\/www.hornamicina.eu\/web\/vzn-12016-o-podmienkach-poskytovania-dotacie-rozpoctu-obce\/\" class=\"_self pt-cv-readmore btn btn-success cvplbd\" target=\"_self\">\u010c\u00edta\u0165 Viac<\/a><\/div><\/div><\/div><\/div>\n<div class=\"col-md-3 col-sm-6 col-xs-12 pt-cv-content-item pt-cv-1-col\"  data-pid=\"445\"><div class='pt-cv-ifield'><h4 class=\"pt-cv-title\"><a href=\"https:\/\/www.hornamicina.eu\/web\/smernica-12016-financna-kontrola-a-audit\/\" class=\"_self cvplbd\" target=\"_self\" >Smernica 1\/2016 &#8211; finan\u010dn\u00e1 kontrola a audit<\/a><\/h4>\n<div class=\"pt-cv-content\">Smernica \u010d. 1\/2016 na realiz\u00e1ciu ustanovaen\u00ed z\u00e1kona \u010d. 357\/2015 Z.z. o finan\u010dnej kontrole a audite a o zmene a doplnen\u00ed ...<br \/><div class=\"pt-cv-rmwrap\"><a href=\"https:\/\/www.hornamicina.eu\/web\/smernica-12016-financna-kontrola-a-audit\/\" class=\"_self pt-cv-readmore btn btn-success cvplbd\" target=\"_self\">\u010c\u00edta\u0165 Viac<\/a><\/div><\/div><\/div><\/div><\/div><\/div><\/div>\t\t\t<style type=\"text\/css\" id=\"pt-cv-inline-style-b355169tuc\">#pt-cv-view-562a557dey .pt-cv-title a, #pt-cv-view-562a557dey  .panel-title { font-weight: 600 !important; }\n#pt-cv-view-562a557dey .pt-cv-readmore  { color: #ffffff !important; background-color: #00aeef !important; }\n#pt-cv-view-562a557dey .pt-cv-readmore:hover  { color: #ffffff !important; background-color: #00aeef !important; }\n#pt-cv-view-562a557dey  + .pt-cv-pagination-wrapper .pt-cv-more , #pt-cv-view-562a557dey  + .pt-cv-pagination-wrapper .pagination .active a { color: #ffffff !important; background-color: #00aeef !important; }<\/style>\r\n\t\t\t\n","protected":false},"excerpt":{"rendered":"V\u0161eobecne z\u00e1v\u00e4zn\u00e9 nariadenia obce Horn\u00e1 Mi\u010din\u00e1","protected":false},"author":1,"featured_media":0,"parent":0,"menu_order":0,"comment_status":"closed","ping_status":"closed","template":"","meta":{"advanced_seo_description":"","jetpack_seo_html_title":"","jetpack_seo_noindex":false,"footnotes":""},"class_list":["post-347","page","type-page","status-publish","hentry"],"jetpack_sharing_enabled":true,"jetpack_shortlink":"https:\/\/wp.me\/P8RsFw-5B","jetpack-related-posts":[{"id":497,"url":"https:\/\/www.hornamicina.eu\/web\/denne-centrum\/","url_meta":{"origin":347,"position":0},"title":"Denn\u00e9 centrum obce","author":"admin","date":"18. okt\u00f3bra 2017","format":false,"excerpt":"Denn\u00e9 centrum obce Horn\u00e1 Mi\u010din\u00e1 Horn\u00e1 Mi\u010din\u00e1 79, 97401 \u00a0Horn\u00e1 Mi\u010din\u00e1 \u00a0 Otv\u00e1racie hodinyPondelok14:00 \u2013 20:00Utorok14:00 \u2013 20:00Streda14:00 \u2013 20:00\u0160tvrtok14:00 \u2013 20:00Piatok14:00 \u2013 20:00 \u00a0\u00a0Pozn\u00e1mka: zmena programu vyhraden\u00e1!\u00a0\u00a0Ak nie je ur\u010den\u00e9 inak \u2013 podujatia sa za\u010d\u00ednaj\u00fa o 14. hodine!\u00a0\u00a0O jednotliv\u00fdch podujatiach sa v predstihu dozviete na osobitn\u00fdch pozv\u00e1nkach na obecn\u00fdch\u00a0tabuliach\u2026","rel":"","context":"Podobn\u00fd pr\u00edspevok","block_context":{"text":"Podobn\u00fd pr\u00edspevok","link":""},"img":{"alt_text":"Denne centrum","src":"https:\/\/i0.wp.com\/www.hornamicina.eu\/web\/wp-content\/uploads\/2017\/10\/dennecentrum-1024x768.jpg?resize=350%2C200&ssl=1","width":350,"height":200,"srcset":"https:\/\/i0.wp.com\/www.hornamicina.eu\/web\/wp-content\/uploads\/2017\/10\/dennecentrum-1024x768.jpg?resize=350%2C200&ssl=1 1x, https:\/\/i0.wp.com\/www.hornamicina.eu\/web\/wp-content\/uploads\/2017\/10\/dennecentrum-1024x768.jpg?resize=525%2C300&ssl=1 1.5x, https:\/\/i0.wp.com\/www.hornamicina.eu\/web\/wp-content\/uploads\/2017\/10\/dennecentrum-1024x768.jpg?resize=700%2C400&ssl=1 2x"},"classes":[]},{"id":355,"url":"https:\/\/www.hornamicina.eu\/web\/uznesenia\/","url_meta":{"origin":347,"position":1},"title":"Uznesenia zastupite\u013estva","author":"admin","date":"3. j\u00fala 2017","format":false,"excerpt":"Uznesenia zastupite\u013estva obce","rel":"","context":"Podobn\u00fd pr\u00edspevok","block_context":{"text":"Podobn\u00fd pr\u00edspevok","link":""},"img":{"alt_text":"horna micina logo erb","src":"https:\/\/i0.wp.com\/www.hornamicina.eu\/web\/wp-content\/uploads\/2017\/06\/cropped-logo-1.png?resize=350%2C200","width":350,"height":200},"classes":[]},{"id":243,"url":"https:\/\/www.hornamicina.eu\/web\/urbar\/","url_meta":{"origin":347,"position":2},"title":"Pozemkov\u00e9 spolo\u010denstvo Urb\u00e1r","author":"admin","date":"28. j\u00fana 2017","format":false,"excerpt":"Pozemkov\u00e9 spolo\u010denstvo Urb\u00e1r Horn\u00e1 Mi\u010din\u00e1 Predseda: \u00a0Ing. Pavel Baran Adresa: Horn\u00e1 Mi\u010din\u00e1 114, 97401 Horn\u00e1 Mi\u010din\u00e1 I\u010cO: 17061423 Telef\u00f3n: 048 \/ 4180 914 \u00a0","rel":"","context":"Podobn\u00fd pr\u00edspevok","block_context":{"text":"Podobn\u00fd pr\u00edspevok","link":""},"img":{"alt_text":"","src":"","width":0,"height":0},"classes":[]},{"id":410,"url":"https:\/\/www.hornamicina.eu\/web\/elektronicka-uradna-tabula\/","url_meta":{"origin":347,"position":3},"title":"Elektronick\u00e1 \u00faradn\u00e1 tabu\u013ea","author":"admin","date":"10. j\u00fala 2017","format":false,"excerpt":"Elektronick\u00e1 \u00faradn\u00e1 tabu\u013ea Obec Horn\u00e1 Mi\u010din\u00e1","rel":"","context":"Podobn\u00fd pr\u00edspevok","block_context":{"text":"Podobn\u00fd pr\u00edspevok","link":""},"img":{"alt_text":"horna micina logo erb","src":"https:\/\/i0.wp.com\/www.hornamicina.eu\/web\/wp-content\/uploads\/2017\/06\/cropped-logo-1-150x150.png?resize=350%2C200","width":350,"height":200},"classes":[]},{"id":135,"url":"https:\/\/www.hornamicina.eu\/web\/kontakt\/","url_meta":{"origin":347,"position":4},"title":"Kontakt","author":"admin","date":"21. j\u00fana 2017","format":false,"excerpt":"Obecn\u00fd \u00farad Horn\u00e1 Mi\u010din\u00e1 \u00a0 Adresa: Horn\u00e1 Mi\u010din\u00e1 79, 974 01 \u00a0Bansk\u00e1 BystricaTel.:\u00a0+421 48 418 09 23, e-mail: hornamicina@gmail.comStarosta obce: Ivan Len\u00e1r, tel.:\u00a0+421 907 087 151Referent: Alena Belajov\u00e1, tel.:\u00a0+421 907 087 152 I\u010cO: 00313459 DI\u010c: 2021115833 Banka: Prima Banka, a.s. Bankov\u00e9 spojenie:\u00a098 5600 0000 0012 5532 1011 Str\u00e1nkov\u00e9 hodiny \u00faradu\u2026","rel":"","context":"Podobn\u00fd pr\u00edspevok","block_context":{"text":"Podobn\u00fd pr\u00edspevok","link":""},"img":{"alt_text":"horna micina logo erb","src":"https:\/\/i0.wp.com\/www.hornamicina.eu\/web\/wp-content\/uploads\/2017\/06\/cropped-logo-1-150x150.png?resize=350%2C200&ssl=1","width":350,"height":200},"classes":[]},{"id":4929,"url":"https:\/\/www.hornamicina.eu\/web\/zasady-hospodarenia-s-majetkom-obce-horna-micina\/","url_meta":{"origin":347,"position":5},"title":"Z\u00e1sady hospod\u00e1renia s majetkom Obce Horn\u00e1 Mi\u010din\u00e1","author":"admin","date":"25. septembra 2024","format":false,"excerpt":"Z\u00e1sady hospod\u00e1renia s majetkom Obce Horn\u00e1 Mi\u010din\u00e1 \u00a0 Obecn\u00e9 zastupite\u013estvo v\u00a0Hornej Mi\u010dinej na z\u00e1klade ustanovenia\u00a0\u00a7 11 ods. 4 p\u00edsm. a) z\u00e1kona \u010d. 369\/1990 Zb.\u00a0o obecnom zriaden\u00ed a\u00a0\u00a7 9 ods. 1 z\u00e1kona \u010d. 138\/1991 Zb.\u00a0o majetku obc\u00ed ur\u010duje tieto z\u00e1sady hospod\u00e1renia a nakladania s majetkom obce Horn\u00e1 Mi\u010din\u00e1 (v texte \u010falej\u2026","rel":"","context":"Podobn\u00fd pr\u00edspevok","block_context":{"text":"Podobn\u00fd pr\u00edspevok","link":""},"img":{"alt_text":"HornaMicinaLetecky","src":"https:\/\/i0.wp.com\/www.hornamicina.eu\/web\/wp-content\/uploads\/2017\/06\/4501.jpg?fit=1200%2C800&ssl=1&resize=350%2C200","width":350,"height":200,"srcset":"https:\/\/i0.wp.com\/www.hornamicina.eu\/web\/wp-content\/uploads\/2017\/06\/4501.jpg?fit=1200%2C800&ssl=1&resize=350%2C200 1x, https:\/\/i0.wp.com\/www.hornamicina.eu\/web\/wp-content\/uploads\/2017\/06\/4501.jpg?fit=1200%2C800&ssl=1&resize=525%2C300 1.5x, https:\/\/i0.wp.com\/www.hornamicina.eu\/web\/wp-content\/uploads\/2017\/06\/4501.jpg?fit=1200%2C800&ssl=1&resize=700%2C400 2x, https:\/\/i0.wp.com\/www.hornamicina.eu\/web\/wp-content\/uploads\/2017\/06\/4501.jpg?fit=1200%2C800&ssl=1&resize=1050%2C600 3x"},"classes":[]}],"jetpack_likes_enabled":true,"_links":{"self":[{"href":"https:\/\/www.hornamicina.eu\/web\/wp-json\/wp\/v2\/pages\/347","targetHints":{"allow":["GET"]}}],"collection":[{"href":"https:\/\/www.hornamicina.eu\/web\/wp-json\/wp\/v2\/pages"}],"about":[{"href":"https:\/\/www.hornamicina.eu\/web\/wp-json\/wp\/v2\/types\/page"}],"author":[{"embeddable":true,"href":"https:\/\/www.hornamicina.eu\/web\/wp-json\/wp\/v2\/users\/1"}],"replies":[{"embeddable":true,"href":"https:\/\/www.hornamicina.eu\/web\/wp-json\/wp\/v2\/comments?post=347"}],"version-history":[{"count":0,"href":"https:\/\/www.hornamicina.eu\/web\/wp-json\/wp\/v2\/pages\/347\/revisions"}],"wp:attachment":[{"href":"https:\/\/www.hornamicina.eu\/web\/wp-json\/wp\/v2\/media?parent=347"}],"curies":[{"name":"wp","href":"https:\/\/api.w.org\/{rel}","templated":true}]}}